{"id":548,"date":"2021-10-28T16:29:13","date_gmt":"2021-10-28T16:29:13","guid":{"rendered":"https:\/\/hotel.site7.eu\/?page_id=548"},"modified":"2026-02-16T11:23:48","modified_gmt":"2026-02-16T10:23:48","slug":"galerie-photos","status":"publish","type":"page","link":"https:\/\/www.palaisannecy.com\/fr\/galerie-photos\/","title":{"rendered":"Galerie photos"},"content":{"rendered":"\t\t<div data-elementor-type=\"wp-page\" data-elementor-id=\"548\" class=\"elementor elementor-548\" data-elementor-post-type=\"page\">\n\t\t\t\t\t\t<section data-dce-background-image-url=\"https:\/\/www.palaisannecy.com\/wp-content\/uploads\/banners\/isle_annecy_45_premium_2_min-1679x500-1.jpg\" class=\"elementor-section elementor-top-section elementor-element elementor-element-4cca3f8 elementor-section-full_width elementor-section-height-min-height elementor-section-height-default elementor-section-items-middle\" data-id=\"4cca3f8\" data-element_type=\"section\" data-e-type=\"section\" data-settings=\"{&quot;background_background&quot;:&quot;classic&quot;}\">\n\t\t\t\t\t\t\t<div class=\" elementor-background-overlay lazyelementorbackgroundimages \"><\/div>\n\t\t\t\t\t\t\t<div class=\"elementor-container elementor-column-gap-default\">\n\t\t\t\t\t<div class=\"elementor-column elementor-col-100 elementor-top-column elementor-element elementor-element-507c45b\" data-id=\"507c45b\" data-element_type=\"column\" data-e-type=\"column\">\n\t\t\t<div class=\"elementor-widget-wrap elementor-element-populated\">\n\t\t\t\t\t\t<div data-dce-title-color=\"#FFFFFF\" class=\"elementor-element elementor-element-b23af0a elementor-widget elementor-widget-heading\" data-id=\"b23af0a\" data-element_type=\"widget\" data-e-type=\"widget\" data-widget_type=\"heading.default\">\n\t\t\t\t<div class=\"elementor-widget-container\">\n\t\t\t\t\t<span class=\"elementor-heading-title elementor-size-default\">Galerie photos<\/span>\t\t\t\t<\/div>\n\t\t\t\t<\/div>\n\t\t\t\t\t<\/div>\n\t\t<\/div>\n\t\t\t\t\t<\/div>\n\t\t<\/section>\n\t\t\t\t<section data-dce-background-color=\"#F3F3F6\" class=\"elementor-section elementor-top-section elementor-element elementor-element-bfd3f7f elementor-section-boxed elementor-section-height-default elementor-section-height-default\" data-id=\"bfd3f7f\" data-element_type=\"section\" data-e-type=\"section\" data-settings=\"{&quot;background_background&quot;:&quot;classic&quot;}\">\n\t\t\t\t\t\t<div class=\"elementor-container elementor-column-gap-default\">\n\t\t\t\t\t<div class=\"elementor-column elementor-col-100 elementor-top-column elementor-element elementor-element-e025e83\" data-id=\"e025e83\" data-element_type=\"column\" data-e-type=\"column\">\n\t\t\t<div class=\"elementor-widget-wrap elementor-element-populated\">\n\t\t\t\t\t\t<div class=\"elementor-element elementor-element-6fafb79 elementor-widget elementor-widget-heading\" data-id=\"6fafb79\" data-element_type=\"widget\" data-e-type=\"widget\" data-widget_type=\"heading.default\">\n\t\t\t\t<div class=\"elementor-widget-container\">\n\t\t\t\t\t<h1 class=\"elementor-heading-title elementor-size-default\">Galerie photos de l\u2019H\u00f4tel Palais de l\u2019Isle \u00e0 Annecy<\/h1>\t\t\t\t<\/div>\n\t\t\t\t<\/div>\n\t\t\t\t<div class=\"elementor-element elementor-element-51d7482 elementor-widget-divider--view-line elementor-widget elementor-widget-divider\" data-id=\"51d7482\" data-element_type=\"widget\" data-e-type=\"widget\" data-widget_type=\"divider.default\">\n\t\t\t\t<div class=\"elementor-widget-container\">\n\t\t\t\t\t\t\t<div class=\"elementor-divider\">\n\t\t\t<span class=\"elementor-divider-separator\">\n\t\t\t\t\t\t<\/span>\n\t\t<\/div>\n\t\t\t\t\t\t<\/div>\n\t\t\t\t<\/div>\n\t\t\t\t<div class=\"elementor-element elementor-element-6c8ab09 elementor-widget elementor-widget-text-editor\" data-id=\"6c8ab09\" data-element_type=\"widget\" data-e-type=\"widget\" data-widget_type=\"text-editor.default\">\n\t\t\t\t<div class=\"elementor-widget-container\">\n\t\t\t\t\t\t\t\t\t<p>D\u00e9couvrez en images l\u2019H\u00f4tel Palais de l\u2019Isle, situ\u00e9 <strong>au c\u0153ur du centre historique d\u2019Annecy<\/strong>. Cette galerie vous permet d\u2019explorer les <strong>chambres, les espaces communs et l\u2019environnement imm\u00e9diat de l\u2019h\u00f4tel,<\/strong> afin de pr\u00e9parer votre s\u00e9jour en toute s\u00e9r\u00e9nit\u00e9.<\/p>\t\t\t\t\t\t\t\t<\/div>\n\t\t\t\t<\/div>\n\t\t\t\t\t<\/div>\n\t\t<\/div>\n\t\t\t\t\t<\/div>\n\t\t<\/section>\n\t\t\t\t<section data-dce-background-color=\"#F3F3F6\" class=\"elementor-section elementor-top-section elementor-element elementor-element-1e14a8e elementor-section-boxed elementor-section-height-default elementor-section-height-default\" data-id=\"1e14a8e\" data-element_type=\"section\" data-e-type=\"section\" data-settings=\"{&quot;background_background&quot;:&quot;classic&quot;}\">\n\t\t\t\t\t\t<div class=\"elementor-container elementor-column-gap-default\">\n\t\t\t\t\t<div class=\"elementor-column elementor-col-100 elementor-top-column elementor-element elementor-element-adb2fb9\" data-id=\"adb2fb9\" data-element_type=\"column\" data-e-type=\"column\">\n\t\t\t<div class=\"elementor-widget-wrap elementor-element-populated\">\n\t\t\t\t\t\t<div class=\"elementor-element elementor-element-27f09d1 eae-show-all-yes eae-overlay-hover elementor-widget elementor-widget-eae-filterableGallery\" data-id=\"27f09d1\" data-element_type=\"widget\" data-e-type=\"widget\" data-widget_type=\"eae-filterableGallery.default\">\n\t\t\t\t<div class=\"elementor-widget-container\">\n\t\t\t\t\t\t\t<div class=\"eae-fg-wrapper masonry-yes\">\n\t\t\t<div class=\"eae-gallery-filter\">\n\t\t\t\t\t\t\t\t\t<a href=\"#\" data-filter=\"*\" data-filter-name=\"all\" class=\"eae-filter-label current\">Toutes<\/a>\n\t\t\t\t\t\t\t\t<a class=\"eae-filter-label\" href=\"#\" data-filter-name=\"exterieur\" data-filter=\".exterieur\">Exterieur<\/a><a class=\"eae-filter-label\" href=\"#\" data-filter-name=\"chambres\" data-filter=\".chambres\">Chambres<\/a><a class=\"eae-filter-label\" href=\"#\" data-filter-name=\"petit-djeuner\" data-filter=\".petit-djeuner\">Petit d\u00e9jeuner<\/a><a class=\"eae-filter-label\" href=\"#\" data-filter-name=\"annecy\" data-filter=\".annecy\">Annecy<\/a>\t\t\t<\/div>\n\t\t\t<div class=\"eae-fg-image\">\n\t\t\t\t\t\t\t\t\t\t\t<div class=\"eae-gallery-item exterieur\">\n\t\t\t\t\t\t\t\t<div class=\"eae-gallery-item-inner\">\n\t\t\t\t\t\t\t\t\t<a href=\"https:\/\/www.palaisannecy.com\/wp-content\/uploads\/homepage\/hotel-palais-de-lisle-hotel-annecy-vieille-ville-d-annecy.webp\" data-elementor-open-lightbox=\"yes\" data-elementor-lightbox-slideshow=\"eae-fg-gallery-2317\" data-elementor-lightbox-title=\"H\u00f4tel Palais de l&#039;Isle \u00e0 Annecy en vieille ville\" data-elementor-lightbox-description=\"Situ\u00e9 au c\u0153ur du centre historique, l\u2019H\u00f4tel Palais de l\u2019Isle offre une vue unique sur les canaux d\u2019Annecy et le c\u00e9l\u00e8bre Palais de l\u2019Isle. Un cadre pittoresque entre patrimoine m\u00e9di\u00e9val et charme savoyard, \u00e0 proximit\u00e9 imm\u00e9diate du lac.\" data-e-action-hash=\"#elementor-action%3Aaction%3Dlightbox%26settings%3DeyJpZCI6MjE4NDQsInVybCI6Imh0dHBzOlwvXC93d3cucGFsYWlzYW5uZWN5LmNvbVwvd3AtY29udGVudFwvdXBsb2Fkc1wvaG9tZXBhZ2VcL2hvdGVsLXBhbGFpcy1kZS1saXNsZS1ob3RlbC1hbm5lY3ktdmllaWxsZS12aWxsZS1kLWFubmVjeS53ZWJwIn0%3D\">\n\t\t\t\t\t\t\t\t\t\t\t\t\t\t\t\t\t\t\t\t\t<img fetchpriority=\"high\" decoding=\"async\" width=\"768\" height=\"1023\" src=\"https:\/\/www.palaisannecy.com\/wp-content\/uploads\/homepage\/hotel-palais-de-lisle-hotel-annecy-vieille-ville-d-annecy.webp\" class=\"attachment-full size-full\" alt=\"Vue du Palais de l\u2019Isle et des canaux d\u2019Annecy \u00e0 proximit\u00e9 de l\u2019H\u00f4tel Palais de l\u2019Isle\" srcset=\"https:\/\/www.palaisannecy.com\/wp-content\/uploads\/homepage\/hotel-palais-de-lisle-hotel-annecy-vieille-ville-d-annecy.webp 768w, https:\/\/www.palaisannecy.com\/wp-content\/uploads\/homepage\/hotel-palais-de-lisle-hotel-annecy-vieille-ville-d-annecy-225x300.webp 225w\" sizes=\"(max-width: 768px) 100vw, 768px\" \/>\t\t\t\t\t\t\t\t\t\t\t\t\t\t\t\t\t\t\t\t\t\t\t\t\t\t\t\t\t\t\t\t<div class=\"eae-grid-overlay fadeIn\">\n\t\t\t\t\t\t\t\t\t\t\t\t<div class=\"eae-grid-overlay-inner\">\n\t\t\t\t\t\t\t\t\t\t\t\t\t<div class=\"eae-icon-wrapper\">\n\t\t\t\t\t\t\t\t\t\t\t\t\t\t\t\t\t\t\t\t\t\t\t\t\t\t\t<\/div>\n\t\t\t\t\t\t\t\t\t\t\t\t\t\t\t\t\t\t\t\t\t\t\t\t\t<\/div>\n\t\t\t\t\t\t\t\t\t\t<\/div>\n\t\t\t\t\t\t\t\t\t\t\t\t\t\t\t\t\t\t\t<\/a>\n\t\t\t\t\t\t\t\t<\/div>\n\t\t\t\t\t\t\t<\/div>\n\t\t\t\t\t\t\t\t\t\t\t\t\t\t<div class=\"eae-gallery-item exterieur\">\n\t\t\t\t\t\t\t\t<div class=\"eae-gallery-item-inner\">\n\t\t\t\t\t\t\t\t\t<a href=\"https:\/\/www.palaisannecy.com\/wp-content\/uploads\/homepage\/hotel-palais-de-lisle-hotel-annecy.webp\" data-elementor-open-lightbox=\"yes\" data-elementor-lightbox-slideshow=\"eae-fg-gallery-2317\" data-elementor-lightbox-title=\"Canaux d\u2019Annecy de nuit \u2013 H\u00f4tel Palais de l\u2019Isle\" data-elementor-lightbox-description=\"Ambiance f\u00e9erique au c\u0153ur d\u2019Annecy : le Palais de l\u2019Isle et les canaux se parent de lumi\u00e8res le soir venu, offrant aux h\u00f4tes de l\u2019H\u00f4tel Palais de l\u2019Isle une vue exceptionnelle depuis leur balcon sur la vieille ville.\" data-e-action-hash=\"#elementor-action%3Aaction%3Dlightbox%26settings%3DeyJpZCI6MjE4NTAsInVybCI6Imh0dHBzOlwvXC93d3cucGFsYWlzYW5uZWN5LmNvbVwvd3AtY29udGVudFwvdXBsb2Fkc1wvaG9tZXBhZ2VcL2hvdGVsLXBhbGFpcy1kZS1saXNsZS1ob3RlbC1hbm5lY3kud2VicCJ9\">\n\t\t\t\t\t\t\t\t\t\t\t\t\t\t\t\t\t\t\t\t\t<img decoding=\"async\" width=\"1200\" height=\"800\" src=\"https:\/\/www.palaisannecy.com\/wp-content\/uploads\/homepage\/hotel-palais-de-lisle-hotel-annecy.webp\" class=\"attachment-full size-full\" alt=\"Vue de nuit sur les canaux d\u2019Annecy et le Palais de l\u2019Isle, \u00e0 proximit\u00e9 de l\u2019H\u00f4tel Palais de l\u2019Isle\" srcset=\"https:\/\/www.palaisannecy.com\/wp-content\/uploads\/homepage\/hotel-palais-de-lisle-hotel-annecy.webp 1200w, https:\/\/www.palaisannecy.com\/wp-content\/uploads\/homepage\/hotel-palais-de-lisle-hotel-annecy-300x200.webp 300w, https:\/\/www.palaisannecy.com\/wp-content\/uploads\/homepage\/hotel-palais-de-lisle-hotel-annecy-1024x683.webp 1024w, https:\/\/www.palaisannecy.com\/wp-content\/uploads\/homepage\/hotel-palais-de-lisle-hotel-annecy-768x512.webp 768w\" sizes=\"(max-width: 1200px) 100vw, 1200px\" \/>\t\t\t\t\t\t\t\t\t\t\t\t\t\t\t\t\t\t\t\t\t\t\t\t\t\t\t\t\t\t\t\t<div class=\"eae-grid-overlay fadeIn\">\n\t\t\t\t\t\t\t\t\t\t\t\t<div class=\"eae-grid-overlay-inner\">\n\t\t\t\t\t\t\t\t\t\t\t\t\t<div class=\"eae-icon-wrapper\">\n\t\t\t\t\t\t\t\t\t\t\t\t\t\t\t\t\t\t\t\t\t\t\t\t\t\t\t<\/div>\n\t\t\t\t\t\t\t\t\t\t\t\t\t\t\t\t\t\t\t\t\t\t\t\t\t<\/div>\n\t\t\t\t\t\t\t\t\t\t<\/div>\n\t\t\t\t\t\t\t\t\t\t\t\t\t\t\t\t\t\t\t<\/a>\n\t\t\t\t\t\t\t\t<\/div>\n\t\t\t\t\t\t\t<\/div>\n\t\t\t\t\t\t\t\t\t\t\t\t\t\t<div class=\"eae-gallery-item exterieur\">\n\t\t\t\t\t\t\t\t<div class=\"eae-gallery-item-inner\">\n\t\t\t\t\t\t\t\t\t<a href=\"https:\/\/www.palaisannecy.com\/wp-content\/uploads\/banners\/hotel-palais-de-lisle-annecy-le-canal.webp\" data-elementor-open-lightbox=\"yes\" data-elementor-lightbox-slideshow=\"eae-fg-gallery-2317\" data-elementor-lightbox-title=\"H\u00f4tel Palais de l&#039;Isle \u00e0 Annecy\" data-elementor-lightbox-description=\"L\u2019H\u00f4tel Palais de l\u2019Isle b\u00e9n\u00e9ficie d\u2019un emplacement exceptionnel dans le centre historique d\u2019Annecy, face au c\u00e9l\u00e8bre Palais de l\u2019Isle et aux canaux pittoresques de la vieille ville.\" data-e-action-hash=\"#elementor-action%3Aaction%3Dlightbox%26settings%3DeyJpZCI6MTg0MDUsInVybCI6Imh0dHBzOlwvXC93d3cucGFsYWlzYW5uZWN5LmNvbVwvd3AtY29udGVudFwvdXBsb2Fkc1wvYmFubmVyc1wvaG90ZWwtcGFsYWlzLWRlLWxpc2xlLWFubmVjeS1sZS1jYW5hbC53ZWJwIn0%3D\">\n\t\t\t\t\t\t\t\t\t\t\t\t\t\t\t\t\t\t\t\t\t<img decoding=\"async\" width=\"1200\" height=\"800\" src=\"https:\/\/www.palaisannecy.com\/wp-content\/uploads\/banners\/hotel-palais-de-lisle-annecy-le-canal.webp\" class=\"attachment-full size-full\" alt=\"Vue du Palais de l\u2019Isle et des fa\u00e7ades color\u00e9es du centre historique d\u2019Annecy, proche de l\u2019H\u00f4tel Palais de l\u2019Isle\" srcset=\"https:\/\/www.palaisannecy.com\/wp-content\/uploads\/banners\/hotel-palais-de-lisle-annecy-le-canal.webp 1200w, https:\/\/www.palaisannecy.com\/wp-content\/uploads\/banners\/hotel-palais-de-lisle-annecy-le-canal-300x200.webp 300w, https:\/\/www.palaisannecy.com\/wp-content\/uploads\/banners\/hotel-palais-de-lisle-annecy-le-canal-1024x683.webp 1024w, https:\/\/www.palaisannecy.com\/wp-content\/uploads\/banners\/hotel-palais-de-lisle-annecy-le-canal-768x512.webp 768w\" sizes=\"(max-width: 1200px) 100vw, 1200px\" \/>\t\t\t\t\t\t\t\t\t\t\t\t\t\t\t\t\t\t\t\t\t\t\t\t\t\t\t\t\t\t\t\t<div class=\"eae-grid-overlay fadeIn\">\n\t\t\t\t\t\t\t\t\t\t\t\t<div class=\"eae-grid-overlay-inner\">\n\t\t\t\t\t\t\t\t\t\t\t\t\t<div class=\"eae-icon-wrapper\">\n\t\t\t\t\t\t\t\t\t\t\t\t\t\t\t\t\t\t\t\t\t\t\t\t\t\t\t<\/div>\n\t\t\t\t\t\t\t\t\t\t\t\t\t\t\t\t\t\t\t\t\t\t\t\t\t<\/div>\n\t\t\t\t\t\t\t\t\t\t<\/div>\n\t\t\t\t\t\t\t\t\t\t\t\t\t\t\t\t\t\t\t<\/a>\n\t\t\t\t\t\t\t\t<\/div>\n\t\t\t\t\t\t\t<\/div>\n\t\t\t\t\t\t\t\t\t\t\t\t\t\t<div class=\"eae-gallery-item exterieur\">\n\t\t\t\t\t\t\t\t<div class=\"eae-gallery-item-inner\">\n\t\t\t\t\t\t\t\t\t<a href=\"https:\/\/www.palaisannecy.com\/wp-content\/uploads\/galerie\/canaux-annecy-palais-de-lisle-vieille-ville.webp\" data-elementor-open-lightbox=\"yes\" data-elementor-lightbox-slideshow=\"eae-fg-gallery-2317\" data-elementor-lightbox-title=\"Canaux d&#039;Annecy autour du Palais de l&#039;Isle\" data-elementor-lightbox-description=\"Les canaux d&#039;Annecy entourent le Palais de l&#039;Isle et dessinent un d\u00e9cor embl\u00e9matique m\u00ealant eau claire, architecture historique et ambiance anim\u00e9e de la vieille ville.\" data-e-action-hash=\"#elementor-action%3Aaction%3Dlightbox%26settings%3DeyJpZCI6MTgyMjYsInVybCI6Imh0dHBzOlwvXC93d3cucGFsYWlzYW5uZWN5LmNvbVwvd3AtY29udGVudFwvdXBsb2Fkc1wvZ2FsZXJpZVwvY2FuYXV4LWFubmVjeS1wYWxhaXMtZGUtbGlzbGUtdmllaWxsZS12aWxsZS53ZWJwIn0%3D\">\n\t\t\t\t\t\t\t\t\t\t\t\t\t\t\t\t\t\t\t\t\t<img loading=\"lazy\" decoding=\"async\" width=\"1200\" height=\"800\" src=\"https:\/\/www.palaisannecy.com\/wp-content\/uploads\/galerie\/canaux-annecy-palais-de-lisle-vieille-ville.webp\" class=\"attachment-full size-full\" alt=\"Vue des canaux d&#039;Annecy avec le Palais de l&#039;Isle et les fa\u00e7ades de la vieille ville\" srcset=\"https:\/\/www.palaisannecy.com\/wp-content\/uploads\/galerie\/canaux-annecy-palais-de-lisle-vieille-ville.webp 1200w, https:\/\/www.palaisannecy.com\/wp-content\/uploads\/galerie\/canaux-annecy-palais-de-lisle-vieille-ville-300x200.webp 300w, https:\/\/www.palaisannecy.com\/wp-content\/uploads\/galerie\/canaux-annecy-palais-de-lisle-vieille-ville-1024x683.webp 1024w, https:\/\/www.palaisannecy.com\/wp-content\/uploads\/galerie\/canaux-annecy-palais-de-lisle-vieille-ville-768x512.webp 768w\" sizes=\"(max-width: 1200px) 100vw, 1200px\" \/>\t\t\t\t\t\t\t\t\t\t\t\t\t\t\t\t\t\t\t\t\t\t\t\t\t\t\t\t\t\t\t\t<div class=\"eae-grid-overlay fadeIn\">\n\t\t\t\t\t\t\t\t\t\t\t\t<div class=\"eae-grid-overlay-inner\">\n\t\t\t\t\t\t\t\t\t\t\t\t\t<div class=\"eae-icon-wrapper\">\n\t\t\t\t\t\t\t\t\t\t\t\t\t\t\t\t\t\t\t\t\t\t\t\t\t\t\t<\/div>\n\t\t\t\t\t\t\t\t\t\t\t\t\t\t\t\t\t\t\t\t\t\t\t\t\t<\/div>\n\t\t\t\t\t\t\t\t\t\t<\/div>\n\t\t\t\t\t\t\t\t\t\t\t\t\t\t\t\t\t\t\t<\/a>\n\t\t\t\t\t\t\t\t<\/div>\n\t\t\t\t\t\t\t<\/div>\n\t\t\t\t\t\t\t\t\t\t\t\t\t\t<div class=\"eae-gallery-item chambres\">\n\t\t\t\t\t\t\t\t<div class=\"eae-gallery-item-inner\">\n\t\t\t\t\t\t\t\t\t<a href=\"https:\/\/www.palaisannecy.com\/wp-content\/uploads\/rooms\/chambre-charme\/chambre-charme-double-hotel-palais-de-lisle-annecy.webp\" data-elementor-open-lightbox=\"yes\" data-elementor-lightbox-slideshow=\"eae-fg-gallery-2317\" data-elementor-lightbox-title=\"Chambre Charme Double \u00e0 l&#039;h\u00f4tel Palais de l&#039;Isle\" data-elementor-lightbox-description=\"La Chambre Charme Double de l&#039;h\u00f4tel Palais de l&#039;Isle \u00e0 Annecy offre un espace confortable et \u00e9l\u00e9gant, avec une d\u00e9coration soign\u00e9e et une atmosph\u00e8re chaleureuse, id\u00e9ale pour un s\u00e9jour au coeur de la vieille ville.\" data-e-action-hash=\"#elementor-action%3Aaction%3Dlightbox%26settings%3DeyJpZCI6MTc4NTYsInVybCI6Imh0dHBzOlwvXC93d3cucGFsYWlzYW5uZWN5LmNvbVwvd3AtY29udGVudFwvdXBsb2Fkc1wvcm9vbXNcL2NoYW1icmUtY2hhcm1lXC9jaGFtYnJlLWNoYXJtZS1kb3VibGUtaG90ZWwtcGFsYWlzLWRlLWxpc2xlLWFubmVjeS53ZWJwIn0%3D\">\n\t\t\t\t\t\t\t\t\t\t\t\t\t\t\t\t\t\t\t\t\t<img loading=\"lazy\" decoding=\"async\" width=\"1200\" height=\"720\" src=\"https:\/\/www.palaisannecy.com\/wp-content\/uploads\/rooms\/chambre-charme\/chambre-charme-double-hotel-palais-de-lisle-annecy.webp\" class=\"attachment-full size-full\" alt=\"Chambre Charme Double avec lit double, d\u00e9coration \u00e9l\u00e9gante et lumi\u00e8re naturelle\" srcset=\"https:\/\/www.palaisannecy.com\/wp-content\/uploads\/rooms\/chambre-charme\/chambre-charme-double-hotel-palais-de-lisle-annecy.webp 1200w, https:\/\/www.palaisannecy.com\/wp-content\/uploads\/rooms\/chambre-charme\/chambre-charme-double-hotel-palais-de-lisle-annecy-300x180.webp 300w, https:\/\/www.palaisannecy.com\/wp-content\/uploads\/rooms\/chambre-charme\/chambre-charme-double-hotel-palais-de-lisle-annecy-1024x614.webp 1024w, https:\/\/www.palaisannecy.com\/wp-content\/uploads\/rooms\/chambre-charme\/chambre-charme-double-hotel-palais-de-lisle-annecy-768x461.webp 768w\" sizes=\"(max-width: 1200px) 100vw, 1200px\" \/>\t\t\t\t\t\t\t\t\t\t\t\t\t\t\t\t\t\t\t\t\t\t\t\t\t\t\t\t\t\t\t\t<div class=\"eae-grid-overlay fadeIn\">\n\t\t\t\t\t\t\t\t\t\t\t\t<div class=\"eae-grid-overlay-inner\">\n\t\t\t\t\t\t\t\t\t\t\t\t\t<div class=\"eae-icon-wrapper\">\n\t\t\t\t\t\t\t\t\t\t\t\t\t\t\t\t\t\t\t\t\t\t\t\t\t\t\t<\/div>\n\t\t\t\t\t\t\t\t\t\t\t\t\t\t\t\t\t\t\t\t\t\t\t\t\t<\/div>\n\t\t\t\t\t\t\t\t\t\t<\/div>\n\t\t\t\t\t\t\t\t\t\t\t\t\t\t\t\t\t\t\t<\/a>\n\t\t\t\t\t\t\t\t<\/div>\n\t\t\t\t\t\t\t<\/div>\n\t\t\t\t\t\t\t\t\t\t\t\t\t\t<div class=\"eae-gallery-item chambres\">\n\t\t\t\t\t\t\t\t<div class=\"eae-gallery-item-inner\">\n\t\t\t\t\t\t\t\t\t<a href=\"https:\/\/www.palaisannecy.com\/wp-content\/uploads\/rooms\/chambre-charme\/chambre-double-charme-hotel-palais-de-lisle-annecy.webp\" data-elementor-open-lightbox=\"yes\" data-elementor-lightbox-slideshow=\"eae-fg-gallery-2317\" data-elementor-lightbox-title=\"Chambre Charme Double \u00e0 l&#039;h\u00f4tel Palais de l&#039;Isle Annecy\" data-elementor-lightbox-description=\"La Chambre Charme Double de l&#039;h\u00f4tel Palais de l&#039;Isle \u00e0 Annecy propose un cadre confortable et \u00e9l\u00e9gant, avec une d\u00e9coration harmonieuse et une atmosph\u00e8re propice au repos, au coeur de la vieille ville.\" data-e-action-hash=\"#elementor-action%3Aaction%3Dlightbox%26settings%3DeyJpZCI6MTc4NDEsInVybCI6Imh0dHBzOlwvXC93d3cucGFsYWlzYW5uZWN5LmNvbVwvd3AtY29udGVudFwvdXBsb2Fkc1wvcm9vbXNcL2NoYW1icmUtY2hhcm1lXC9jaGFtYnJlLWRvdWJsZS1jaGFybWUtaG90ZWwtcGFsYWlzLWRlLWxpc2xlLWFubmVjeS53ZWJwIn0%3D\">\n\t\t\t\t\t\t\t\t\t\t\t\t\t\t\t\t\t\t\t\t\t<img loading=\"lazy\" decoding=\"async\" width=\"1200\" height=\"720\" src=\"https:\/\/www.palaisannecy.com\/wp-content\/uploads\/rooms\/chambre-charme\/chambre-double-charme-hotel-palais-de-lisle-annecy.webp\" class=\"attachment-full size-full\" alt=\"Chambre Charme Double avec lit double, d\u00e9coration soign\u00e9e et ambiance chaleureuse\" srcset=\"https:\/\/www.palaisannecy.com\/wp-content\/uploads\/rooms\/chambre-charme\/chambre-double-charme-hotel-palais-de-lisle-annecy.webp 1200w, https:\/\/www.palaisannecy.com\/wp-content\/uploads\/rooms\/chambre-charme\/chambre-double-charme-hotel-palais-de-lisle-annecy-300x180.webp 300w, https:\/\/www.palaisannecy.com\/wp-content\/uploads\/rooms\/chambre-charme\/chambre-double-charme-hotel-palais-de-lisle-annecy-1024x614.webp 1024w, https:\/\/www.palaisannecy.com\/wp-content\/uploads\/rooms\/chambre-charme\/chambre-double-charme-hotel-palais-de-lisle-annecy-768x461.webp 768w\" sizes=\"(max-width: 1200px) 100vw, 1200px\" \/>\t\t\t\t\t\t\t\t\t\t\t\t\t\t\t\t\t\t\t\t\t\t\t\t\t\t\t\t\t\t\t\t<div class=\"eae-grid-overlay fadeIn\">\n\t\t\t\t\t\t\t\t\t\t\t\t<div class=\"eae-grid-overlay-inner\">\n\t\t\t\t\t\t\t\t\t\t\t\t\t<div class=\"eae-icon-wrapper\">\n\t\t\t\t\t\t\t\t\t\t\t\t\t\t\t\t\t\t\t\t\t\t\t\t\t\t\t<\/div>\n\t\t\t\t\t\t\t\t\t\t\t\t\t\t\t\t\t\t\t\t\t\t\t\t\t<\/div>\n\t\t\t\t\t\t\t\t\t\t<\/div>\n\t\t\t\t\t\t\t\t\t\t\t\t\t\t\t\t\t\t\t<\/a>\n\t\t\t\t\t\t\t\t<\/div>\n\t\t\t\t\t\t\t<\/div>\n\t\t\t\t\t\t\t\t\t\t\t\t\t\t<div class=\"eae-gallery-item chambres\">\n\t\t\t\t\t\t\t\t<div class=\"eae-gallery-item-inner\">\n\t\t\t\t\t\t\t\t\t<a href=\"https:\/\/www.palaisannecy.com\/wp-content\/uploads\/rooms\/chambre-charme\/chambre-charme-double-lit-rembourre-hotel-palais-de-lisle-annecy.webp\" data-elementor-open-lightbox=\"yes\" data-elementor-lightbox-slideshow=\"eae-fg-gallery-2317\" data-elementor-lightbox-title=\"D\u00e9cor int\u00e9rieur d\u2019une chambre \u00e0 l\u2019h\u00f4tel Palais de l\u2019Isle\" data-elementor-lightbox-description=\"Cette image montre le d\u00e9cor int\u00e9rieur d\u2019une chambre de l\u2019h\u00f4tel Palais de l\u2019Isle \u00e0 Annecy. On distingue des murs aux teintes claires, des textiles d\u00e9coratifs dispos\u00e9s sur une surface plane et un \u00e9clairage int\u00e9rieur provenant de sources lumineuses visibles. L\u2019ensemble pr\u00e9sente une d\u00e9coration simple, ordonn\u00e9e et sans \u00e9l\u00e9ments superflus.\" data-e-action-hash=\"#elementor-action%3Aaction%3Dlightbox%26settings%3DeyJpZCI6MTc4MzUsInVybCI6Imh0dHBzOlwvXC93d3cucGFsYWlzYW5uZWN5LmNvbVwvd3AtY29udGVudFwvdXBsb2Fkc1wvcm9vbXNcL2NoYW1icmUtY2hhcm1lXC9jaGFtYnJlLWNoYXJtZS1kb3VibGUtbGl0LXJlbWJvdXJyZS1ob3RlbC1wYWxhaXMtZGUtbGlzbGUtYW5uZWN5LndlYnAifQ%3D%3D\">\n\t\t\t\t\t\t\t\t\t\t\t\t\t\t\t\t\t\t\t\t\t<img loading=\"lazy\" decoding=\"async\" width=\"1200\" height=\"720\" src=\"https:\/\/www.palaisannecy.com\/wp-content\/uploads\/rooms\/chambre-charme\/chambre-charme-double-lit-rembourre-hotel-palais-de-lisle-annecy.webp\" class=\"attachment-full size-full\" alt=\"D\u00e9cor int\u00e9rieur d\u2019une chambre avec textiles d\u00e9coratifs et \u00e9clairage int\u00e9rieur\" srcset=\"https:\/\/www.palaisannecy.com\/wp-content\/uploads\/rooms\/chambre-charme\/chambre-charme-double-lit-rembourre-hotel-palais-de-lisle-annecy.webp 1200w, https:\/\/www.palaisannecy.com\/wp-content\/uploads\/rooms\/chambre-charme\/chambre-charme-double-lit-rembourre-hotel-palais-de-lisle-annecy-300x180.webp 300w, https:\/\/www.palaisannecy.com\/wp-content\/uploads\/rooms\/chambre-charme\/chambre-charme-double-lit-rembourre-hotel-palais-de-lisle-annecy-1024x614.webp 1024w, https:\/\/www.palaisannecy.com\/wp-content\/uploads\/rooms\/chambre-charme\/chambre-charme-double-lit-rembourre-hotel-palais-de-lisle-annecy-768x461.webp 768w\" sizes=\"(max-width: 1200px) 100vw, 1200px\" \/>\t\t\t\t\t\t\t\t\t\t\t\t\t\t\t\t\t\t\t\t\t\t\t\t\t\t\t\t\t\t\t\t<div class=\"eae-grid-overlay fadeIn\">\n\t\t\t\t\t\t\t\t\t\t\t\t<div class=\"eae-grid-overlay-inner\">\n\t\t\t\t\t\t\t\t\t\t\t\t\t<div class=\"eae-icon-wrapper\">\n\t\t\t\t\t\t\t\t\t\t\t\t\t\t\t\t\t\t\t\t\t\t\t\t\t\t\t<\/div>\n\t\t\t\t\t\t\t\t\t\t\t\t\t\t\t\t\t\t\t\t\t\t\t\t\t<\/div>\n\t\t\t\t\t\t\t\t\t\t<\/div>\n\t\t\t\t\t\t\t\t\t\t\t\t\t\t\t\t\t\t\t<\/a>\n\t\t\t\t\t\t\t\t<\/div>\n\t\t\t\t\t\t\t<\/div>\n\t\t\t\t\t\t\t\t\t\t\t\t\t\t<div class=\"eae-gallery-item chambres\">\n\t\t\t\t\t\t\t\t<div class=\"eae-gallery-item-inner\">\n\t\t\t\t\t\t\t\t\t<a href=\"https:\/\/www.palaisannecy.com\/wp-content\/uploads\/rooms\/chambre-premium-charme\/chambre-premium-charme-decor-interieur-hotel-palais-de-lisle-annecy.webp\" data-elementor-open-lightbox=\"yes\" data-elementor-lightbox-slideshow=\"eae-fg-gallery-2317\" data-elementor-lightbox-title=\"D\u00e9cor int\u00e9rieur d\u2019une chambre Premium Charme \u00e0 l\u2019h\u00f4tel Palais de l\u2019Isle\" data-elementor-lightbox-description=\"Cette image pr\u00e9sente le d\u00e9cor int\u00e9rieur d\u2019une chambre Premium Charme de l\u2019h\u00f4tel Palais de l\u2019Isle \u00e0 Annecy. On observe des murs aux teintes claires, des textiles d\u00e9coratifs dispos\u00e9s sur une surface plane et un \u00e9clairage int\u00e9rieur provenant de sources lumineuses visibles. L\u2019ensemble est structur\u00e9 de mani\u00e8re ordonn\u00e9e, avec une d\u00e9coration soign\u00e9e et \u00e9quilibr\u00e9e.\" data-e-action-hash=\"#elementor-action%3Aaction%3Dlightbox%26settings%3DeyJpZCI6MTc3ODAsInVybCI6Imh0dHBzOlwvXC93d3cucGFsYWlzYW5uZWN5LmNvbVwvd3AtY29udGVudFwvdXBsb2Fkc1wvcm9vbXNcL2NoYW1icmUtcHJlbWl1bS1jaGFybWVcL2NoYW1icmUtcHJlbWl1bS1jaGFybWUtZGVjb3ItaW50ZXJpZXVyLWhvdGVsLXBhbGFpcy1kZS1saXNsZS1hbm5lY3kud2VicCJ9\">\n\t\t\t\t\t\t\t\t\t\t\t\t\t\t\t\t\t\t\t\t\t<img loading=\"lazy\" decoding=\"async\" width=\"1200\" height=\"720\" src=\"https:\/\/www.palaisannecy.com\/wp-content\/uploads\/rooms\/chambre-premium-charme\/chambre-premium-charme-decor-interieur-hotel-palais-de-lisle-annecy.webp\" class=\"attachment-full size-full\" alt=\"D\u00e9cor int\u00e9rieur d\u2019une chambre avec textiles d\u00e9coratifs et \u00e9clairage int\u00e9rieur\" srcset=\"https:\/\/www.palaisannecy.com\/wp-content\/uploads\/rooms\/chambre-premium-charme\/chambre-premium-charme-decor-interieur-hotel-palais-de-lisle-annecy.webp 1200w, https:\/\/www.palaisannecy.com\/wp-content\/uploads\/rooms\/chambre-premium-charme\/chambre-premium-charme-decor-interieur-hotel-palais-de-lisle-annecy-300x180.webp 300w, https:\/\/www.palaisannecy.com\/wp-content\/uploads\/rooms\/chambre-premium-charme\/chambre-premium-charme-decor-interieur-hotel-palais-de-lisle-annecy-1024x614.webp 1024w, https:\/\/www.palaisannecy.com\/wp-content\/uploads\/rooms\/chambre-premium-charme\/chambre-premium-charme-decor-interieur-hotel-palais-de-lisle-annecy-768x461.webp 768w\" sizes=\"(max-width: 1200px) 100vw, 1200px\" \/>\t\t\t\t\t\t\t\t\t\t\t\t\t\t\t\t\t\t\t\t\t\t\t\t\t\t\t\t\t\t\t\t<div class=\"eae-grid-overlay fadeIn\">\n\t\t\t\t\t\t\t\t\t\t\t\t<div class=\"eae-grid-overlay-inner\">\n\t\t\t\t\t\t\t\t\t\t\t\t\t<div class=\"eae-icon-wrapper\">\n\t\t\t\t\t\t\t\t\t\t\t\t\t\t\t\t\t\t\t\t\t\t\t\t\t\t\t<\/div>\n\t\t\t\t\t\t\t\t\t\t\t\t\t\t\t\t\t\t\t\t\t\t\t\t\t<\/div>\n\t\t\t\t\t\t\t\t\t\t<\/div>\n\t\t\t\t\t\t\t\t\t\t\t\t\t\t\t\t\t\t\t<\/a>\n\t\t\t\t\t\t\t\t<\/div>\n\t\t\t\t\t\t\t<\/div>\n\t\t\t\t\t\t\t\t\t\t\t\t\t\t<div class=\"eae-gallery-item chambres\">\n\t\t\t\t\t\t\t\t<div class=\"eae-gallery-item-inner\">\n\t\t\t\t\t\t\t\t\t<a href=\"https:\/\/www.palaisannecy.com\/wp-content\/uploads\/rooms\/chambre-premium-charme\/chambre-premium-charme-twin-decor-interieur-hotel-palais-de-lisle-annecy.webp\" data-elementor-open-lightbox=\"yes\" data-elementor-lightbox-slideshow=\"eae-fg-gallery-2317\" data-elementor-lightbox-title=\"D\u00e9cor int\u00e9rieur d\u2019une chambre Premium Charme Twin \u00e0 l\u2019h\u00f4tel Palais de l\u2019Isle\" data-elementor-lightbox-description=\"Cette image montre le d\u00e9cor int\u00e9rieur d\u2019une chambre Premium Charme Twin de l\u2019h\u00f4tel Palais de l\u2019Isle \u00e0 Annecy. On distingue des murs aux teintes claires, des textiles d\u00e9coratifs dispos\u00e9s sur une surface plane et un \u00e9clairage int\u00e9rieur provenant de sources lumineuses visibles. L\u2019ensemble est pr\u00e9sent\u00e9 de mani\u00e8re ordonn\u00e9e, avec une d\u00e9coration simple et structur\u00e9e.\" data-e-action-hash=\"#elementor-action%3Aaction%3Dlightbox%26settings%3DeyJpZCI6MTc3NzQsInVybCI6Imh0dHBzOlwvXC93d3cucGFsYWlzYW5uZWN5LmNvbVwvd3AtY29udGVudFwvdXBsb2Fkc1wvcm9vbXNcL2NoYW1icmUtcHJlbWl1bS1jaGFybWVcL2NoYW1icmUtcHJlbWl1bS1jaGFybWUtdHdpbi1kZWNvci1pbnRlcmlldXItaG90ZWwtcGFsYWlzLWRlLWxpc2xlLWFubmVjeS53ZWJwIn0%3D\">\n\t\t\t\t\t\t\t\t\t\t\t\t\t\t\t\t\t\t\t\t\t<img loading=\"lazy\" decoding=\"async\" width=\"1200\" height=\"720\" src=\"https:\/\/www.palaisannecy.com\/wp-content\/uploads\/rooms\/chambre-premium-charme\/chambre-premium-charme-twin-decor-interieur-hotel-palais-de-lisle-annecy.webp\" class=\"attachment-full size-full\" alt=\"D\u00e9cor int\u00e9rieur d\u2019une chambre avec textiles d\u00e9coratifs et \u00e9clairage int\u00e9rieur\" srcset=\"https:\/\/www.palaisannecy.com\/wp-content\/uploads\/rooms\/chambre-premium-charme\/chambre-premium-charme-twin-decor-interieur-hotel-palais-de-lisle-annecy.webp 1200w, https:\/\/www.palaisannecy.com\/wp-content\/uploads\/rooms\/chambre-premium-charme\/chambre-premium-charme-twin-decor-interieur-hotel-palais-de-lisle-annecy-300x180.webp 300w, https:\/\/www.palaisannecy.com\/wp-content\/uploads\/rooms\/chambre-premium-charme\/chambre-premium-charme-twin-decor-interieur-hotel-palais-de-lisle-annecy-1024x614.webp 1024w, https:\/\/www.palaisannecy.com\/wp-content\/uploads\/rooms\/chambre-premium-charme\/chambre-premium-charme-twin-decor-interieur-hotel-palais-de-lisle-annecy-768x461.webp 768w\" sizes=\"(max-width: 1200px) 100vw, 1200px\" \/>\t\t\t\t\t\t\t\t\t\t\t\t\t\t\t\t\t\t\t\t\t\t\t\t\t\t\t\t\t\t\t\t<div class=\"eae-grid-overlay fadeIn\">\n\t\t\t\t\t\t\t\t\t\t\t\t<div class=\"eae-grid-overlay-inner\">\n\t\t\t\t\t\t\t\t\t\t\t\t\t<div class=\"eae-icon-wrapper\">\n\t\t\t\t\t\t\t\t\t\t\t\t\t\t\t\t\t\t\t\t\t\t\t\t\t\t\t<\/div>\n\t\t\t\t\t\t\t\t\t\t\t\t\t\t\t\t\t\t\t\t\t\t\t\t\t<\/div>\n\t\t\t\t\t\t\t\t\t\t<\/div>\n\t\t\t\t\t\t\t\t\t\t\t\t\t\t\t\t\t\t\t<\/a>\n\t\t\t\t\t\t\t\t<\/div>\n\t\t\t\t\t\t\t<\/div>\n\t\t\t\t\t\t\t\t\t\t\t\t\t\t<div class=\"eae-gallery-item chambres\">\n\t\t\t\t\t\t\t\t<div class=\"eae-gallery-item-inner\">\n\t\t\t\t\t\t\t\t\t<a href=\"https:\/\/www.palaisannecy.com\/wp-content\/uploads\/rooms\/chambre-premium-charme\/chambre-premium-charme-double-twin-decor-interieur-hotel-palais-de-lisle-annecy.webp\" data-elementor-open-lightbox=\"yes\" data-elementor-lightbox-slideshow=\"eae-fg-gallery-2317\" data-elementor-lightbox-title=\"D\u00e9cor int\u00e9rieur d\u2019une chambre Premium Charme Double ou Twin \u00e0 l\u2019h\u00f4tel Palais de l\u2019Isle\" data-elementor-lightbox-description=\"Cette image montre le d\u00e9cor int\u00e9rieur d\u2019une chambre Premium Charme de l\u2019h\u00f4tel Palais de l\u2019Isle \u00e0 Annecy, propos\u00e9e en configuration double ou twin. On distingue des murs aux teintes claires, des textiles d\u00e9coratifs dispos\u00e9s sur une surface plane et un \u00e9clairage int\u00e9rieur provenant de sources lumineuses visibles. L\u2019ensemble est pr\u00e9sent\u00e9 de mani\u00e8re ordonn\u00e9e, avec une d\u00e9coration simple et structur\u00e9e.\" data-e-action-hash=\"#elementor-action%3Aaction%3Dlightbox%26settings%3DeyJpZCI6MTc3NjgsInVybCI6Imh0dHBzOlwvXC93d3cucGFsYWlzYW5uZWN5LmNvbVwvd3AtY29udGVudFwvdXBsb2Fkc1wvcm9vbXNcL2NoYW1icmUtcHJlbWl1bS1jaGFybWVcL2NoYW1icmUtcHJlbWl1bS1jaGFybWUtZG91YmxlLXR3aW4tZGVjb3ItaW50ZXJpZXVyLWhvdGVsLXBhbGFpcy1kZS1saXNsZS1hbm5lY3kud2VicCJ9\">\n\t\t\t\t\t\t\t\t\t\t\t\t\t\t\t\t\t\t\t\t\t<img loading=\"lazy\" decoding=\"async\" width=\"1200\" height=\"720\" src=\"https:\/\/www.palaisannecy.com\/wp-content\/uploads\/rooms\/chambre-premium-charme\/chambre-premium-charme-double-twin-decor-interieur-hotel-palais-de-lisle-annecy.webp\" class=\"attachment-full size-full\" alt=\"D\u00e9cor int\u00e9rieur d\u2019une chambre Premium Charme Double ou Twin avec textiles d\u00e9coratifs et \u00e9clairage int\u00e9rieur\" srcset=\"https:\/\/www.palaisannecy.com\/wp-content\/uploads\/rooms\/chambre-premium-charme\/chambre-premium-charme-double-twin-decor-interieur-hotel-palais-de-lisle-annecy.webp 1200w, https:\/\/www.palaisannecy.com\/wp-content\/uploads\/rooms\/chambre-premium-charme\/chambre-premium-charme-double-twin-decor-interieur-hotel-palais-de-lisle-annecy-300x180.webp 300w, https:\/\/www.palaisannecy.com\/wp-content\/uploads\/rooms\/chambre-premium-charme\/chambre-premium-charme-double-twin-decor-interieur-hotel-palais-de-lisle-annecy-1024x614.webp 1024w, https:\/\/www.palaisannecy.com\/wp-content\/uploads\/rooms\/chambre-premium-charme\/chambre-premium-charme-double-twin-decor-interieur-hotel-palais-de-lisle-annecy-768x461.webp 768w\" sizes=\"(max-width: 1200px) 100vw, 1200px\" \/>\t\t\t\t\t\t\t\t\t\t\t\t\t\t\t\t\t\t\t\t\t\t\t\t\t\t\t\t\t\t\t\t<div class=\"eae-grid-overlay fadeIn\">\n\t\t\t\t\t\t\t\t\t\t\t\t<div class=\"eae-grid-overlay-inner\">\n\t\t\t\t\t\t\t\t\t\t\t\t\t<div class=\"eae-icon-wrapper\">\n\t\t\t\t\t\t\t\t\t\t\t\t\t\t\t\t\t\t\t\t\t\t\t\t\t\t\t<\/div>\n\t\t\t\t\t\t\t\t\t\t\t\t\t\t\t\t\t\t\t\t\t\t\t\t\t<\/div>\n\t\t\t\t\t\t\t\t\t\t<\/div>\n\t\t\t\t\t\t\t\t\t\t\t\t\t\t\t\t\t\t\t<\/a>\n\t\t\t\t\t\t\t\t<\/div>\n\t\t\t\t\t\t\t<\/div>\n\t\t\t\t\t\t\t\t\t\t\t\t\t\t<div class=\"eae-gallery-item chambres\">\n\t\t\t\t\t\t\t\t<div class=\"eae-gallery-item-inner\">\n\t\t\t\t\t\t\t\t\t<a href=\"https:\/\/www.palaisannecy.com\/wp-content\/uploads\/rooms\/chambre-triple-charme\/chambre-triple-charme-decor-interieur-hotel-palais-de-lisle-annecy.webp\" data-elementor-open-lightbox=\"yes\" data-elementor-lightbox-slideshow=\"eae-fg-gallery-2317\" data-elementor-lightbox-title=\"D\u00e9cor int\u00e9rieur d\u2019une chambre Triple Charme \u00e0 l\u2019h\u00f4tel Palais de l\u2019Isle\" data-elementor-lightbox-description=\"Cette image pr\u00e9sente le d\u00e9cor int\u00e9rieur d\u2019une chambre Triple Charme de l\u2019h\u00f4tel Palais de l\u2019Isle \u00e0 Annecy. On observe des murs aux teintes claires, des textiles d\u00e9coratifs dispos\u00e9s sur des surfaces visibles et un \u00e9clairage int\u00e9rieur provenant de sources lumineuses apparentes. L\u2019ensemble est organis\u00e9 de mani\u00e8re simple et ordonn\u00e9e, avec une d\u00e9coration sobre.\" data-e-action-hash=\"#elementor-action%3Aaction%3Dlightbox%26settings%3DeyJpZCI6MTM2OTUsInVybCI6Imh0dHBzOlwvXC93d3cucGFsYWlzYW5uZWN5LmNvbVwvd3AtY29udGVudFwvdXBsb2Fkc1wvcm9vbXNcL2NoYW1icmUtdHJpcGxlLWNoYXJtZVwvY2hhbWJyZS10cmlwbGUtY2hhcm1lLWRlY29yLWludGVyaWV1ci1ob3RlbC1wYWxhaXMtZGUtbGlzbGUtYW5uZWN5LndlYnAifQ%3D%3D\">\n\t\t\t\t\t\t\t\t\t\t\t\t\t\t\t\t\t\t\t\t\t<img loading=\"lazy\" decoding=\"async\" width=\"1200\" height=\"720\" src=\"https:\/\/www.palaisannecy.com\/wp-content\/uploads\/rooms\/chambre-triple-charme\/chambre-triple-charme-decor-interieur-hotel-palais-de-lisle-annecy.webp\" class=\"attachment-full size-full\" alt=\"D\u00e9cor int\u00e9rieur d\u2019une chambre avec textiles d\u00e9coratifs et \u00e9clairage int\u00e9rieur\" srcset=\"https:\/\/www.palaisannecy.com\/wp-content\/uploads\/rooms\/chambre-triple-charme\/chambre-triple-charme-decor-interieur-hotel-palais-de-lisle-annecy.webp 1200w, https:\/\/www.palaisannecy.com\/wp-content\/uploads\/rooms\/chambre-triple-charme\/chambre-triple-charme-decor-interieur-hotel-palais-de-lisle-annecy-300x180.webp 300w, https:\/\/www.palaisannecy.com\/wp-content\/uploads\/rooms\/chambre-triple-charme\/chambre-triple-charme-decor-interieur-hotel-palais-de-lisle-annecy-1024x614.webp 1024w, https:\/\/www.palaisannecy.com\/wp-content\/uploads\/rooms\/chambre-triple-charme\/chambre-triple-charme-decor-interieur-hotel-palais-de-lisle-annecy-768x461.webp 768w\" sizes=\"(max-width: 1200px) 100vw, 1200px\" \/>\t\t\t\t\t\t\t\t\t\t\t\t\t\t\t\t\t\t\t\t\t\t\t\t\t\t\t\t\t\t\t\t<div class=\"eae-grid-overlay fadeIn\">\n\t\t\t\t\t\t\t\t\t\t\t\t<div class=\"eae-grid-overlay-inner\">\n\t\t\t\t\t\t\t\t\t\t\t\t\t<div class=\"eae-icon-wrapper\">\n\t\t\t\t\t\t\t\t\t\t\t\t\t\t\t\t\t\t\t\t\t\t\t\t\t\t\t<\/div>\n\t\t\t\t\t\t\t\t\t\t\t\t\t\t\t\t\t\t\t\t\t\t\t\t\t<\/div>\n\t\t\t\t\t\t\t\t\t\t<\/div>\n\t\t\t\t\t\t\t\t\t\t\t\t\t\t\t\t\t\t\t<\/a>\n\t\t\t\t\t\t\t\t<\/div>\n\t\t\t\t\t\t\t<\/div>\n\t\t\t\t\t\t\t\t\t\t\t\t\t\t<div class=\"eae-gallery-item chambres\">\n\t\t\t\t\t\t\t\t<div class=\"eae-gallery-item-inner\">\n\t\t\t\t\t\t\t\t\t<a href=\"https:\/\/www.palaisannecy.com\/wp-content\/uploads\/rooms\/suite-empereur\/suite-empereur-vue-exterieure-hotel-palais-de-lisle-annecy.webp\" data-elementor-open-lightbox=\"yes\" data-elementor-lightbox-slideshow=\"eae-fg-gallery-2317\" data-elementor-lightbox-title=\"Vue ext\u00e9rieure de la Suite Empereur \u00e0 l&#039;h\u00f4tel Palais de l&#039;Isle\" data-elementor-lightbox-description=\"Cette image montre une vue ext\u00e9rieure associ\u00e9e \u00e0 la Suite Empereur de l&#039;h\u00f4tel Palais de l&#039;Isle \u00e0 Annecy, mettant en valeur son ouverture sur l&#039;environnement urbain de la vieille ville et son emplacement privil\u00e9gi\u00e9 au coeur de la destination.\" data-e-action-hash=\"#elementor-action%3Aaction%3Dlightbox%26settings%3DeyJpZCI6MTc4ODMsInVybCI6Imh0dHBzOlwvXC93d3cucGFsYWlzYW5uZWN5LmNvbVwvd3AtY29udGVudFwvdXBsb2Fkc1wvcm9vbXNcL3N1aXRlLWVtcGVyZXVyXC9zdWl0ZS1lbXBlcmV1ci12dWUtZXh0ZXJpZXVyZS1ob3RlbC1wYWxhaXMtZGUtbGlzbGUtYW5uZWN5LndlYnAifQ%3D%3D\">\n\t\t\t\t\t\t\t\t\t\t\t\t\t\t\t\t\t\t\t\t\t<img loading=\"lazy\" decoding=\"async\" width=\"1200\" height=\"720\" src=\"https:\/\/www.palaisannecy.com\/wp-content\/uploads\/rooms\/suite-empereur\/suite-empereur-vue-exterieure-hotel-palais-de-lisle-annecy.webp\" class=\"attachment-full size-full\" alt=\"Vue ext\u00e9rieure de la Suite Empereur de l&#039;h\u00f4tel Palais de l&#039;Isle \u00e0 Annecy\" srcset=\"https:\/\/www.palaisannecy.com\/wp-content\/uploads\/rooms\/suite-empereur\/suite-empereur-vue-exterieure-hotel-palais-de-lisle-annecy.webp 1200w, https:\/\/www.palaisannecy.com\/wp-content\/uploads\/rooms\/suite-empereur\/suite-empereur-vue-exterieure-hotel-palais-de-lisle-annecy-300x180.webp 300w, https:\/\/www.palaisannecy.com\/wp-content\/uploads\/rooms\/suite-empereur\/suite-empereur-vue-exterieure-hotel-palais-de-lisle-annecy-1024x614.webp 1024w, https:\/\/www.palaisannecy.com\/wp-content\/uploads\/rooms\/suite-empereur\/suite-empereur-vue-exterieure-hotel-palais-de-lisle-annecy-768x461.webp 768w\" sizes=\"(max-width: 1200px) 100vw, 1200px\" \/>\t\t\t\t\t\t\t\t\t\t\t\t\t\t\t\t\t\t\t\t\t\t\t\t\t\t\t\t\t\t\t\t<div class=\"eae-grid-overlay fadeIn\">\n\t\t\t\t\t\t\t\t\t\t\t\t<div class=\"eae-grid-overlay-inner\">\n\t\t\t\t\t\t\t\t\t\t\t\t\t<div class=\"eae-icon-wrapper\">\n\t\t\t\t\t\t\t\t\t\t\t\t\t\t\t\t\t\t\t\t\t\t\t\t\t\t\t<\/div>\n\t\t\t\t\t\t\t\t\t\t\t\t\t\t\t\t\t\t\t\t\t\t\t\t\t<\/div>\n\t\t\t\t\t\t\t\t\t\t<\/div>\n\t\t\t\t\t\t\t\t\t\t\t\t\t\t\t\t\t\t\t<\/a>\n\t\t\t\t\t\t\t\t<\/div>\n\t\t\t\t\t\t\t<\/div>\n\t\t\t\t\t\t\t\t\t\t\t\t\t\t<div class=\"eae-gallery-item chambres\">\n\t\t\t\t\t\t\t\t<div class=\"eae-gallery-item-inner\">\n\t\t\t\t\t\t\t\t\t<a href=\"https:\/\/www.palaisannecy.com\/wp-content\/uploads\/rooms\/suite-empereur\/suite-empereur-lit-double-canape-grandes-fenetres-hotel-palais-de-lisle-annecy.webp\" data-elementor-open-lightbox=\"yes\" data-elementor-lightbox-slideshow=\"eae-fg-gallery-2317\" data-elementor-lightbox-title=\"Suite Empereur avec lit double, canap\u00e9 et grandes fen\u00eatres \u00e0 l&#039;h\u00f4tel Palais de l&#039;Isle\" data-elementor-lightbox-description=\"La Suite Empereur de l&#039;h\u00f4tel Palais de l&#039;Isle \u00e0 Annecy pr\u00e9sente un espace lumineux avec un lit double, un canap\u00e9, une table avec chaises et plusieurs grandes fen\u00eatres \u00e9quip\u00e9es de rideaux clairs, ouvertes sur l&#039;environnement urbain.\" data-e-action-hash=\"#elementor-action%3Aaction%3Dlightbox%26settings%3DeyJpZCI6MTc4ODAsInVybCI6Imh0dHBzOlwvXC93d3cucGFsYWlzYW5uZWN5LmNvbVwvd3AtY29udGVudFwvdXBsb2Fkc1wvcm9vbXNcL3N1aXRlLWVtcGVyZXVyXC9zdWl0ZS1lbXBlcmV1ci1saXQtZG91YmxlLWNhbmFwZS1ncmFuZGVzLWZlbmV0cmVzLWhvdGVsLXBhbGFpcy1kZS1saXNsZS1hbm5lY3kud2VicCJ9\">\n\t\t\t\t\t\t\t\t\t\t\t\t\t\t\t\t\t\t\t\t\t<img loading=\"lazy\" decoding=\"async\" width=\"1200\" height=\"720\" src=\"https:\/\/www.palaisannecy.com\/wp-content\/uploads\/rooms\/suite-empereur\/suite-empereur-lit-double-canape-grandes-fenetres-hotel-palais-de-lisle-annecy.webp\" class=\"attachment-full size-full\" alt=\"Suite avec lit double, canap\u00e9, table et grandes fen\u00eatres laissant entrer la lumi\u00e8re naturelle\" srcset=\"https:\/\/www.palaisannecy.com\/wp-content\/uploads\/rooms\/suite-empereur\/suite-empereur-lit-double-canape-grandes-fenetres-hotel-palais-de-lisle-annecy.webp 1200w, https:\/\/www.palaisannecy.com\/wp-content\/uploads\/rooms\/suite-empereur\/suite-empereur-lit-double-canape-grandes-fenetres-hotel-palais-de-lisle-annecy-300x180.webp 300w, https:\/\/www.palaisannecy.com\/wp-content\/uploads\/rooms\/suite-empereur\/suite-empereur-lit-double-canape-grandes-fenetres-hotel-palais-de-lisle-annecy-1024x614.webp 1024w, https:\/\/www.palaisannecy.com\/wp-content\/uploads\/rooms\/suite-empereur\/suite-empereur-lit-double-canape-grandes-fenetres-hotel-palais-de-lisle-annecy-768x461.webp 768w\" sizes=\"(max-width: 1200px) 100vw, 1200px\" \/>\t\t\t\t\t\t\t\t\t\t\t\t\t\t\t\t\t\t\t\t\t\t\t\t\t\t\t\t\t\t\t\t<div class=\"eae-grid-overlay fadeIn\">\n\t\t\t\t\t\t\t\t\t\t\t\t<div class=\"eae-grid-overlay-inner\">\n\t\t\t\t\t\t\t\t\t\t\t\t\t<div class=\"eae-icon-wrapper\">\n\t\t\t\t\t\t\t\t\t\t\t\t\t\t\t\t\t\t\t\t\t\t\t\t\t\t\t<\/div>\n\t\t\t\t\t\t\t\t\t\t\t\t\t\t\t\t\t\t\t\t\t\t\t\t\t<\/div>\n\t\t\t\t\t\t\t\t\t\t<\/div>\n\t\t\t\t\t\t\t\t\t\t\t\t\t\t\t\t\t\t\t<\/a>\n\t\t\t\t\t\t\t\t<\/div>\n\t\t\t\t\t\t\t<\/div>\n\t\t\t\t\t\t\t\t\t\t\t\t\t\t<div class=\"eae-gallery-item chambres\">\n\t\t\t\t\t\t\t\t<div class=\"eae-gallery-item-inner\">\n\t\t\t\t\t\t\t\t\t<a href=\"https:\/\/www.palaisannecy.com\/wp-content\/uploads\/rooms\/suite-empereur\/suite-empereur-espace-salon-lit-double-grandes-fenetres-hotel-palais-de-lisle-annecy.webp\" data-elementor-open-lightbox=\"yes\" data-elementor-lightbox-slideshow=\"eae-fg-gallery-2317\" data-elementor-lightbox-title=\"Suite Empereur avec lit double, espace salon et grandes fen\u00eatres \u00e0 l&#039;h\u00f4tel Palais de l&#039;Isle\" data-elementor-lightbox-description=\"La Suite Empereur de l&#039;h\u00f4tel Palais de l&#039;Isle \u00e0 Annecy pr\u00e9sente un espace int\u00e9rieur spacieux avec un lit double, un coin salon compos\u00e9 de deux canap\u00e9s, une table basse et un tapis graphique. De grandes fen\u00eatres avec rideaux clairs laissent entrer la lumi\u00e8re naturelle et donnent sur les b\u00e2timents environnants.\" data-e-action-hash=\"#elementor-action%3Aaction%3Dlightbox%26settings%3DeyJpZCI6MTc4NzcsInVybCI6Imh0dHBzOlwvXC93d3cucGFsYWlzYW5uZWN5LmNvbVwvd3AtY29udGVudFwvdXBsb2Fkc1wvcm9vbXNcL3N1aXRlLWVtcGVyZXVyXC9zdWl0ZS1lbXBlcmV1ci1lc3BhY2Utc2Fsb24tbGl0LWRvdWJsZS1ncmFuZGVzLWZlbmV0cmVzLWhvdGVsLXBhbGFpcy1kZS1saXNsZS1hbm5lY3kud2VicCJ9\">\n\t\t\t\t\t\t\t\t\t\t\t\t\t\t\t\t\t\t\t\t\t<img loading=\"lazy\" decoding=\"async\" width=\"1200\" height=\"720\" src=\"https:\/\/www.palaisannecy.com\/wp-content\/uploads\/rooms\/suite-empereur\/suite-empereur-espace-salon-lit-double-grandes-fenetres-hotel-palais-de-lisle-annecy.webp\" class=\"attachment-full size-full\" alt=\"Suite avec lit double, deux canap\u00e9s, table basse et grandes fen\u00eatres lumineuses\" srcset=\"https:\/\/www.palaisannecy.com\/wp-content\/uploads\/rooms\/suite-empereur\/suite-empereur-espace-salon-lit-double-grandes-fenetres-hotel-palais-de-lisle-annecy.webp 1200w, https:\/\/www.palaisannecy.com\/wp-content\/uploads\/rooms\/suite-empereur\/suite-empereur-espace-salon-lit-double-grandes-fenetres-hotel-palais-de-lisle-annecy-300x180.webp 300w, https:\/\/www.palaisannecy.com\/wp-content\/uploads\/rooms\/suite-empereur\/suite-empereur-espace-salon-lit-double-grandes-fenetres-hotel-palais-de-lisle-annecy-1024x614.webp 1024w, https:\/\/www.palaisannecy.com\/wp-content\/uploads\/rooms\/suite-empereur\/suite-empereur-espace-salon-lit-double-grandes-fenetres-hotel-palais-de-lisle-annecy-768x461.webp 768w\" sizes=\"(max-width: 1200px) 100vw, 1200px\" \/>\t\t\t\t\t\t\t\t\t\t\t\t\t\t\t\t\t\t\t\t\t\t\t\t\t\t\t\t\t\t\t\t<div class=\"eae-grid-overlay fadeIn\">\n\t\t\t\t\t\t\t\t\t\t\t\t<div class=\"eae-grid-overlay-inner\">\n\t\t\t\t\t\t\t\t\t\t\t\t\t<div class=\"eae-icon-wrapper\">\n\t\t\t\t\t\t\t\t\t\t\t\t\t\t\t\t\t\t\t\t\t\t\t\t\t\t\t<\/div>\n\t\t\t\t\t\t\t\t\t\t\t\t\t\t\t\t\t\t\t\t\t\t\t\t\t<\/div>\n\t\t\t\t\t\t\t\t\t\t<\/div>\n\t\t\t\t\t\t\t\t\t\t\t\t\t\t\t\t\t\t\t<\/a>\n\t\t\t\t\t\t\t\t<\/div>\n\t\t\t\t\t\t\t<\/div>\n\t\t\t\t\t\t\t\t\t\t\t\t\t\t<div class=\"eae-gallery-item chambres\">\n\t\t\t\t\t\t\t\t<div class=\"eae-gallery-item-inner\">\n\t\t\t\t\t\t\t\t\t<a href=\"https:\/\/www.palaisannecy.com\/wp-content\/uploads\/rooms\/suite-duc\/suite-duc-lit-twin-grandes-fenetres-hotel-palais-de-lisle-annecy.webp\" data-elementor-open-lightbox=\"yes\" data-elementor-lightbox-slideshow=\"eae-fg-gallery-2317\" data-elementor-lightbox-title=\"Suite Duc avec lits jumeaux et grandes fen\u00eatres \u00e0 l&#039;h\u00f4tel Palais de l&#039;Isle\" data-elementor-lightbox-description=\"La Suite Duc de l&#039;h\u00f4tel Palais de l&#039;Isle \u00e0 Annecy pr\u00e9sente deux lits jumeaux habill\u00e9s de linge blanc, install\u00e9s devant une t\u00eate de lit bleue nervur\u00e9e. La pi\u00e8ce comprend des appliques murales de chaque c\u00f4t\u00e9, un sol en parquet \u00e0 motifs et de grandes fen\u00eatres avec rideaux clairs laissant entrer la lumi\u00e8re naturelle.\" data-e-action-hash=\"#elementor-action%3Aaction%3Dlightbox%26settings%3DeyJpZCI6MTc4OTUsInVybCI6Imh0dHBzOlwvXC93d3cucGFsYWlzYW5uZWN5LmNvbVwvd3AtY29udGVudFwvdXBsb2Fkc1wvcm9vbXNcL3N1aXRlLWR1Y1wvc3VpdGUtZHVjLWxpdC10d2luLWdyYW5kZXMtZmVuZXRyZXMtaG90ZWwtcGFsYWlzLWRlLWxpc2xlLWFubmVjeS53ZWJwIn0%3D\">\n\t\t\t\t\t\t\t\t\t\t\t\t\t\t\t\t\t\t\t\t\t<img loading=\"lazy\" decoding=\"async\" width=\"1200\" height=\"720\" src=\"https:\/\/www.palaisannecy.com\/wp-content\/uploads\/rooms\/suite-duc\/suite-duc-lit-twin-grandes-fenetres-hotel-palais-de-lisle-annecy.webp\" class=\"attachment-full size-full\" alt=\"Suite avec deux lits jumeaux, t\u00eate de lit bleue, appliques murales et grandes fen\u00eatres\" srcset=\"https:\/\/www.palaisannecy.com\/wp-content\/uploads\/rooms\/suite-duc\/suite-duc-lit-twin-grandes-fenetres-hotel-palais-de-lisle-annecy.webp 1200w, https:\/\/www.palaisannecy.com\/wp-content\/uploads\/rooms\/suite-duc\/suite-duc-lit-twin-grandes-fenetres-hotel-palais-de-lisle-annecy-300x180.webp 300w, https:\/\/www.palaisannecy.com\/wp-content\/uploads\/rooms\/suite-duc\/suite-duc-lit-twin-grandes-fenetres-hotel-palais-de-lisle-annecy-1024x614.webp 1024w, https:\/\/www.palaisannecy.com\/wp-content\/uploads\/rooms\/suite-duc\/suite-duc-lit-twin-grandes-fenetres-hotel-palais-de-lisle-annecy-768x461.webp 768w\" sizes=\"(max-width: 1200px) 100vw, 1200px\" \/>\t\t\t\t\t\t\t\t\t\t\t\t\t\t\t\t\t\t\t\t\t\t\t\t\t\t\t\t\t\t\t\t<div class=\"eae-grid-overlay fadeIn\">\n\t\t\t\t\t\t\t\t\t\t\t\t<div class=\"eae-grid-overlay-inner\">\n\t\t\t\t\t\t\t\t\t\t\t\t\t<div class=\"eae-icon-wrapper\">\n\t\t\t\t\t\t\t\t\t\t\t\t\t\t\t\t\t\t\t\t\t\t\t\t\t\t\t<\/div>\n\t\t\t\t\t\t\t\t\t\t\t\t\t\t\t\t\t\t\t\t\t\t\t\t\t<\/div>\n\t\t\t\t\t\t\t\t\t\t<\/div>\n\t\t\t\t\t\t\t\t\t\t\t\t\t\t\t\t\t\t\t<\/a>\n\t\t\t\t\t\t\t\t<\/div>\n\t\t\t\t\t\t\t<\/div>\n\t\t\t\t\t\t\t\t\t\t\t\t\t\t<div class=\"eae-gallery-item chambres\">\n\t\t\t\t\t\t\t\t<div class=\"eae-gallery-item-inner\">\n\t\t\t\t\t\t\t\t\t<a href=\"https:\/\/www.palaisannecy.com\/wp-content\/uploads\/rooms\/suite-duc\/suite-duc-lit-twin-espace-salon-hotel-palais-de-lisle-annecy.webp\" data-elementor-open-lightbox=\"yes\" data-elementor-lightbox-slideshow=\"eae-fg-gallery-2317\" data-elementor-lightbox-title=\"Suite Duc avec lits jumeaux et espace salon \u00e0 l&#039;h\u00f4tel Palais de l&#039;Isle\" data-elementor-lightbox-description=\"D\u00e9couvrez la Suite Duc de l\u2019H\u00f4tel Palais de l\u2019Isle \u00e0 Annecy : une chambre \u00e9l\u00e9gante et spacieuse avec coin salon, parquet clair et touches contemporaines. Un cadre raffin\u00e9 au c\u0153ur de la vieille ville, parfait pour un s\u00e9jour romantique ou professionnel.\" data-e-action-hash=\"#elementor-action%3Aaction%3Dlightbox%26settings%3DeyJpZCI6MTc4OTIsInVybCI6Imh0dHBzOlwvXC93d3cucGFsYWlzYW5uZWN5LmNvbVwvd3AtY29udGVudFwvdXBsb2Fkc1wvcm9vbXNcL3N1aXRlLWR1Y1wvc3VpdGUtZHVjLWxpdC10d2luLWVzcGFjZS1zYWxvbi1ob3RlbC1wYWxhaXMtZGUtbGlzbGUtYW5uZWN5LndlYnAifQ%3D%3D\">\n\t\t\t\t\t\t\t\t\t\t\t\t\t\t\t\t\t\t\t\t\t<img loading=\"lazy\" decoding=\"async\" width=\"1200\" height=\"720\" src=\"https:\/\/www.palaisannecy.com\/wp-content\/uploads\/rooms\/suite-duc\/suite-duc-lit-twin-espace-salon-hotel-palais-de-lisle-annecy.webp\" class=\"attachment-full size-full\" alt=\"Suite Duc \u00e0 l\u2019H\u00f4tel Palais de l\u2019Isle \u00e0 Annecy, spacieuse et \u00e9l\u00e9gante avec coin salon\" srcset=\"https:\/\/www.palaisannecy.com\/wp-content\/uploads\/rooms\/suite-duc\/suite-duc-lit-twin-espace-salon-hotel-palais-de-lisle-annecy.webp 1200w, https:\/\/www.palaisannecy.com\/wp-content\/uploads\/rooms\/suite-duc\/suite-duc-lit-twin-espace-salon-hotel-palais-de-lisle-annecy-300x180.webp 300w, https:\/\/www.palaisannecy.com\/wp-content\/uploads\/rooms\/suite-duc\/suite-duc-lit-twin-espace-salon-hotel-palais-de-lisle-annecy-1024x614.webp 1024w, https:\/\/www.palaisannecy.com\/wp-content\/uploads\/rooms\/suite-duc\/suite-duc-lit-twin-espace-salon-hotel-palais-de-lisle-annecy-768x461.webp 768w\" sizes=\"(max-width: 1200px) 100vw, 1200px\" \/>\t\t\t\t\t\t\t\t\t\t\t\t\t\t\t\t\t\t\t\t\t\t\t\t\t\t\t\t\t\t\t\t<div class=\"eae-grid-overlay fadeIn\">\n\t\t\t\t\t\t\t\t\t\t\t\t<div class=\"eae-grid-overlay-inner\">\n\t\t\t\t\t\t\t\t\t\t\t\t\t<div class=\"eae-icon-wrapper\">\n\t\t\t\t\t\t\t\t\t\t\t\t\t\t\t\t\t\t\t\t\t\t\t\t\t\t\t<\/div>\n\t\t\t\t\t\t\t\t\t\t\t\t\t\t\t\t\t\t\t\t\t\t\t\t\t<\/div>\n\t\t\t\t\t\t\t\t\t\t<\/div>\n\t\t\t\t\t\t\t\t\t\t\t\t\t\t\t\t\t\t\t<\/a>\n\t\t\t\t\t\t\t\t<\/div>\n\t\t\t\t\t\t\t<\/div>\n\t\t\t\t\t\t\t\t\t\t\t\t\t\t<div class=\"eae-gallery-item chambres\">\n\t\t\t\t\t\t\t\t<div class=\"eae-gallery-item-inner\">\n\t\t\t\t\t\t\t\t\t<a href=\"https:\/\/www.palaisannecy.com\/wp-content\/uploads\/rooms\/suite-famille\/suite-familiale-espace-salon-lit-double-hotel-palais-de-lisle-annecy.webp\" data-elementor-open-lightbox=\"yes\" data-elementor-lightbox-slideshow=\"eae-fg-gallery-2317\" data-elementor-lightbox-title=\"Suite Familiale avec espace salon et lit double \u00e0 l&#039;h\u00f4tel Palais de l&#039;Isle\" data-elementor-lightbox-description=\"La Suite Familiale de l&#039;h\u00f4tel Palais de l&#039;Isle \u00e0 Annecy pr\u00e9sente un espace int\u00e9rieur comprenant un coin salon avec canap\u00e9 et table basse pos\u00e9s sur un tapis graphique, ainsi qu&#039;un espace nuit avec un lit double encadr\u00e9 par une structure en bois. La pi\u00e8ce associe un mur en pierre apparente, des murs clairs, un sol en parquet \u00e0 motifs et un \u00e9clairage int\u00e9gr\u00e9 au plafond.\" data-e-action-hash=\"#elementor-action%3Aaction%3Dlightbox%26settings%3DeyJpZCI6MTc5MTAsInVybCI6Imh0dHBzOlwvXC93d3cucGFsYWlzYW5uZWN5LmNvbVwvd3AtY29udGVudFwvdXBsb2Fkc1wvcm9vbXNcL3N1aXRlLWZhbWlsbGVcL3N1aXRlLWZhbWlsaWFsZS1lc3BhY2Utc2Fsb24tbGl0LWRvdWJsZS1ob3RlbC1wYWxhaXMtZGUtbGlzbGUtYW5uZWN5LndlYnAifQ%3D%3D\">\n\t\t\t\t\t\t\t\t\t\t\t\t\t\t\t\t\t\t\t\t\t<img loading=\"lazy\" decoding=\"async\" width=\"1200\" height=\"720\" src=\"https:\/\/www.palaisannecy.com\/wp-content\/uploads\/rooms\/suite-famille\/suite-familiale-espace-salon-lit-double-hotel-palais-de-lisle-annecy.webp\" class=\"attachment-full size-full\" alt=\"Suite familiale avec canap\u00e9, table basse, lit double et mur en pierre\" srcset=\"https:\/\/www.palaisannecy.com\/wp-content\/uploads\/rooms\/suite-famille\/suite-familiale-espace-salon-lit-double-hotel-palais-de-lisle-annecy.webp 1200w, https:\/\/www.palaisannecy.com\/wp-content\/uploads\/rooms\/suite-famille\/suite-familiale-espace-salon-lit-double-hotel-palais-de-lisle-annecy-300x180.webp 300w, https:\/\/www.palaisannecy.com\/wp-content\/uploads\/rooms\/suite-famille\/suite-familiale-espace-salon-lit-double-hotel-palais-de-lisle-annecy-1024x614.webp 1024w, https:\/\/www.palaisannecy.com\/wp-content\/uploads\/rooms\/suite-famille\/suite-familiale-espace-salon-lit-double-hotel-palais-de-lisle-annecy-768x461.webp 768w\" sizes=\"(max-width: 1200px) 100vw, 1200px\" \/>\t\t\t\t\t\t\t\t\t\t\t\t\t\t\t\t\t\t\t\t\t\t\t\t\t\t\t\t\t\t\t\t<div class=\"eae-grid-overlay fadeIn\">\n\t\t\t\t\t\t\t\t\t\t\t\t<div class=\"eae-grid-overlay-inner\">\n\t\t\t\t\t\t\t\t\t\t\t\t\t<div class=\"eae-icon-wrapper\">\n\t\t\t\t\t\t\t\t\t\t\t\t\t\t\t\t\t\t\t\t\t\t\t\t\t\t\t<\/div>\n\t\t\t\t\t\t\t\t\t\t\t\t\t\t\t\t\t\t\t\t\t\t\t\t\t<\/div>\n\t\t\t\t\t\t\t\t\t\t<\/div>\n\t\t\t\t\t\t\t\t\t\t\t\t\t\t\t\t\t\t\t<\/a>\n\t\t\t\t\t\t\t\t<\/div>\n\t\t\t\t\t\t\t<\/div>\n\t\t\t\t\t\t\t\t\t\t\t\t\t\t<div class=\"eae-gallery-item chambres\">\n\t\t\t\t\t\t\t\t<div class=\"eae-gallery-item-inner\">\n\t\t\t\t\t\t\t\t\t<a href=\"https:\/\/www.palaisannecy.com\/wp-content\/uploads\/rooms\/premium-vue-palais\/hotel-palais-annecy-vue-de-toits.webp\" data-elementor-open-lightbox=\"yes\" data-elementor-lightbox-slideshow=\"eae-fg-gallery-2317\" data-elementor-lightbox-title=\"H\u00f4tel Palais Annecy, Chambre Premium Vue Palais de L&#039;Isle - Vue de toits\" data-elementor-lightbox-description=\"L\u2019image montre une vue sur les toits de la vieille ville d\u2019Annecy, observ\u00e9e \u00e0 travers une fen\u00eatre cintr\u00e9e. On distingue des b\u00e2timents anciens aux toitures en tuiles, un arbre au centre de la sc\u00e8ne et un ciel bleu d\u00e9gag\u00e9, dans un environnement urbain historique.\" data-e-action-hash=\"#elementor-action%3Aaction%3Dlightbox%26settings%3DeyJpZCI6MjI2NDEsInVybCI6Imh0dHBzOlwvXC93d3cucGFsYWlzYW5uZWN5LmNvbVwvd3AtY29udGVudFwvdXBsb2Fkc1wvcm9vbXNcL3ByZW1pdW0tdnVlLXBhbGFpc1wvaG90ZWwtcGFsYWlzLWFubmVjeS12dWUtZGUtdG9pdHMud2VicCJ9\">\n\t\t\t\t\t\t\t\t\t\t\t\t\t\t\t\t\t\t\t\t\t<img loading=\"lazy\" decoding=\"async\" width=\"1200\" height=\"800\" src=\"https:\/\/www.palaisannecy.com\/wp-content\/uploads\/rooms\/premium-vue-palais\/hotel-palais-annecy-vue-de-toits.webp\" class=\"attachment-full size-full\" alt=\"H\u00f4tel Palais Annecy, Chambre Premium Vue Palais de L&#039;Isle - Vue de toits\" srcset=\"https:\/\/www.palaisannecy.com\/wp-content\/uploads\/rooms\/premium-vue-palais\/hotel-palais-annecy-vue-de-toits.webp 1200w, https:\/\/www.palaisannecy.com\/wp-content\/uploads\/rooms\/premium-vue-palais\/hotel-palais-annecy-vue-de-toits-300x200.webp 300w, https:\/\/www.palaisannecy.com\/wp-content\/uploads\/rooms\/premium-vue-palais\/hotel-palais-annecy-vue-de-toits-1024x683.webp 1024w, https:\/\/www.palaisannecy.com\/wp-content\/uploads\/rooms\/premium-vue-palais\/hotel-palais-annecy-vue-de-toits-768x512.webp 768w\" sizes=\"(max-width: 1200px) 100vw, 1200px\" \/>\t\t\t\t\t\t\t\t\t\t\t\t\t\t\t\t\t\t\t\t\t\t\t\t\t\t\t\t\t\t\t\t<div class=\"eae-grid-overlay fadeIn\">\n\t\t\t\t\t\t\t\t\t\t\t\t<div class=\"eae-grid-overlay-inner\">\n\t\t\t\t\t\t\t\t\t\t\t\t\t<div class=\"eae-icon-wrapper\">\n\t\t\t\t\t\t\t\t\t\t\t\t\t\t\t\t\t\t\t\t\t\t\t\t\t\t\t<\/div>\n\t\t\t\t\t\t\t\t\t\t\t\t\t\t\t\t\t\t\t\t\t\t\t\t\t<\/div>\n\t\t\t\t\t\t\t\t\t\t<\/div>\n\t\t\t\t\t\t\t\t\t\t\t\t\t\t\t\t\t\t\t<\/a>\n\t\t\t\t\t\t\t\t<\/div>\n\t\t\t\t\t\t\t<\/div>\n\t\t\t\t\t\t\t\t\t\t\t\t\t\t<div class=\"eae-gallery-item chambres\">\n\t\t\t\t\t\t\t\t<div class=\"eae-gallery-item-inner\">\n\t\t\t\t\t\t\t\t\t<a href=\"https:\/\/www.palaisannecy.com\/wp-content\/uploads\/rooms\/premium-vue-palais\/hotel-palais-annecy-chambre-premium-vue-palais-de-l-isle-1.webp\" data-elementor-open-lightbox=\"yes\" data-elementor-lightbox-slideshow=\"eae-fg-gallery-2317\" data-elementor-lightbox-title=\"Chambre Premium Vue Palais de l\u2019Isle \u2013 H\u00f4tel Palais de l\u2019Isle Annecy\" data-elementor-lightbox-description=\"Offrez-vous un s\u00e9jour inoubliable dans la Chambre Premium de l\u2019H\u00f4tel Palais de l\u2019Isle \u00e0 Annecy. Profitez d\u2019une vue imprenable sur le Palais de l\u2019Isle, d\u2019une d\u00e9coration \u00e9l\u00e9gante et d\u2019un confort moderne au c\u0153ur du centre historique.\" data-e-action-hash=\"#elementor-action%3Aaction%3Dlightbox%26settings%3DeyJpZCI6MjI2NTcsInVybCI6Imh0dHBzOlwvXC93d3cucGFsYWlzYW5uZWN5LmNvbVwvd3AtY29udGVudFwvdXBsb2Fkc1wvcm9vbXNcL3ByZW1pdW0tdnVlLXBhbGFpc1wvaG90ZWwtcGFsYWlzLWFubmVjeS1jaGFtYnJlLXByZW1pdW0tdnVlLXBhbGFpcy1kZS1sLWlzbGUtMS53ZWJwIn0%3D\">\n\t\t\t\t\t\t\t\t\t\t\t\t\t\t\t\t\t\t\t\t\t<img loading=\"lazy\" decoding=\"async\" width=\"1200\" height=\"720\" src=\"https:\/\/www.palaisannecy.com\/wp-content\/uploads\/rooms\/premium-vue-palais\/hotel-palais-annecy-chambre-premium-vue-palais-de-l-isle-1.webp\" class=\"attachment-full size-full\" alt=\"Chambre Premium avec vue sur le Palais de l\u2019Isle \u00e0 l\u2019H\u00f4tel Palais de l\u2019Isle \u00e0 Annecy\" srcset=\"https:\/\/www.palaisannecy.com\/wp-content\/uploads\/rooms\/premium-vue-palais\/hotel-palais-annecy-chambre-premium-vue-palais-de-l-isle-1.webp 1200w, https:\/\/www.palaisannecy.com\/wp-content\/uploads\/rooms\/premium-vue-palais\/hotel-palais-annecy-chambre-premium-vue-palais-de-l-isle-1-300x180.webp 300w, https:\/\/www.palaisannecy.com\/wp-content\/uploads\/rooms\/premium-vue-palais\/hotel-palais-annecy-chambre-premium-vue-palais-de-l-isle-1-1024x614.webp 1024w, https:\/\/www.palaisannecy.com\/wp-content\/uploads\/rooms\/premium-vue-palais\/hotel-palais-annecy-chambre-premium-vue-palais-de-l-isle-1-768x461.webp 768w\" sizes=\"(max-width: 1200px) 100vw, 1200px\" \/>\t\t\t\t\t\t\t\t\t\t\t\t\t\t\t\t\t\t\t\t\t\t\t\t\t\t\t\t\t\t\t\t<div class=\"eae-grid-overlay fadeIn\">\n\t\t\t\t\t\t\t\t\t\t\t\t<div class=\"eae-grid-overlay-inner\">\n\t\t\t\t\t\t\t\t\t\t\t\t\t<div class=\"eae-icon-wrapper\">\n\t\t\t\t\t\t\t\t\t\t\t\t\t\t\t\t\t\t\t\t\t\t\t\t\t\t\t<\/div>\n\t\t\t\t\t\t\t\t\t\t\t\t\t\t\t\t\t\t\t\t\t\t\t\t\t<\/div>\n\t\t\t\t\t\t\t\t\t\t<\/div>\n\t\t\t\t\t\t\t\t\t\t\t\t\t\t\t\t\t\t\t<\/a>\n\t\t\t\t\t\t\t\t<\/div>\n\t\t\t\t\t\t\t<\/div>\n\t\t\t\t\t\t\t\t\t\t\t\t\t\t<div class=\"eae-gallery-item chambres\">\n\t\t\t\t\t\t\t\t<div class=\"eae-gallery-item-inner\">\n\t\t\t\t\t\t\t\t\t<a href=\"https:\/\/www.palaisannecy.com\/wp-content\/uploads\/rooms\/premium-vue-palais\/hotel-palais-annecy-chambre-premium-vue-palais-de-l-isle-vue-angle-de-toits.webp\" data-elementor-open-lightbox=\"yes\" data-elementor-lightbox-slideshow=\"eae-fg-gallery-2317\" data-elementor-lightbox-title=\"H\u00f4tel Palais Annecy, Chambre Premium Vue Palais de l&#039;Isle - Vue Angle De Toits\" data-elementor-lightbox-description=\"Vue sur le Palais de l\u2019Isle et les toits de la vieille ville d\u2019Annecy depuis une fen\u00eatre\" data-e-action-hash=\"#elementor-action%3Aaction%3Dlightbox%26settings%3DeyJpZCI6MjI2MjAsInVybCI6Imh0dHBzOlwvXC93d3cucGFsYWlzYW5uZWN5LmNvbVwvd3AtY29udGVudFwvdXBsb2Fkc1wvcm9vbXNcL3ByZW1pdW0tdnVlLXBhbGFpc1wvaG90ZWwtcGFsYWlzLWFubmVjeS1jaGFtYnJlLXByZW1pdW0tdnVlLXBhbGFpcy1kZS1sLWlzbGUtdnVlLWFuZ2xlLWRlLXRvaXRzLndlYnAifQ%3D%3D\">\n\t\t\t\t\t\t\t\t\t\t\t\t\t\t\t\t\t\t\t\t\t<img loading=\"lazy\" decoding=\"async\" width=\"1200\" height=\"800\" src=\"https:\/\/www.palaisannecy.com\/wp-content\/uploads\/rooms\/premium-vue-palais\/hotel-palais-annecy-chambre-premium-vue-palais-de-l-isle-vue-angle-de-toits.webp\" class=\"attachment-full size-full\" alt=\"H\u00f4tel Palais Annecy, Chambre Premium Vue Palais de l&#039;Isle - Vue Angle De Toits\" srcset=\"https:\/\/www.palaisannecy.com\/wp-content\/uploads\/rooms\/premium-vue-palais\/hotel-palais-annecy-chambre-premium-vue-palais-de-l-isle-vue-angle-de-toits.webp 1200w, https:\/\/www.palaisannecy.com\/wp-content\/uploads\/rooms\/premium-vue-palais\/hotel-palais-annecy-chambre-premium-vue-palais-de-l-isle-vue-angle-de-toits-300x200.webp 300w, https:\/\/www.palaisannecy.com\/wp-content\/uploads\/rooms\/premium-vue-palais\/hotel-palais-annecy-chambre-premium-vue-palais-de-l-isle-vue-angle-de-toits-1024x683.webp 1024w, https:\/\/www.palaisannecy.com\/wp-content\/uploads\/rooms\/premium-vue-palais\/hotel-palais-annecy-chambre-premium-vue-palais-de-l-isle-vue-angle-de-toits-768x512.webp 768w\" sizes=\"(max-width: 1200px) 100vw, 1200px\" \/>\t\t\t\t\t\t\t\t\t\t\t\t\t\t\t\t\t\t\t\t\t\t\t\t\t\t\t\t\t\t\t\t<div class=\"eae-grid-overlay fadeIn\">\n\t\t\t\t\t\t\t\t\t\t\t\t<div class=\"eae-grid-overlay-inner\">\n\t\t\t\t\t\t\t\t\t\t\t\t\t<div class=\"eae-icon-wrapper\">\n\t\t\t\t\t\t\t\t\t\t\t\t\t\t\t\t\t\t\t\t\t\t\t\t\t\t\t<\/div>\n\t\t\t\t\t\t\t\t\t\t\t\t\t\t\t\t\t\t\t\t\t\t\t\t\t<\/div>\n\t\t\t\t\t\t\t\t\t\t<\/div>\n\t\t\t\t\t\t\t\t\t\t\t\t\t\t\t\t\t\t\t<\/a>\n\t\t\t\t\t\t\t\t<\/div>\n\t\t\t\t\t\t\t<\/div>\n\t\t\t\t\t\t\t\t\t\t\t\t\t\t<div class=\"eae-gallery-item chambres\">\n\t\t\t\t\t\t\t\t<div class=\"eae-gallery-item-inner\">\n\t\t\t\t\t\t\t\t\t<a href=\"https:\/\/www.palaisannecy.com\/wp-content\/uploads\/rooms\/premium-vue-palais\/hotel-palais-annecy-chambre-premium-vue-palais-de-l-isle-vue-angle-droit.webp\" data-elementor-open-lightbox=\"yes\" data-elementor-lightbox-slideshow=\"eae-fg-gallery-2317\" data-elementor-lightbox-title=\"Chambre Premium avec lit double et vue sur les toits et le Palais de l\u2019Isle\" data-elementor-lightbox-description=\"Cette image montre une Chambre Premium avec un lit double habill\u00e9 de linge blanc, une t\u00eate de lit bleue nervur\u00e9e et une table de chevet avec t\u00e9l\u00e9phone. Une grande fen\u00eatre cintr\u00e9e laisse appara\u00eetre une vue sur les toits de la vieille ville et le Palais de l\u2019Isle, tandis qu\u2019un espace bureau avec table et chaise est visible \u00e0 proximit\u00e9 de la fen\u00eatre.\" data-e-action-hash=\"#elementor-action%3Aaction%3Dlightbox%26settings%3DeyJpZCI6MjI2MzUsInVybCI6Imh0dHBzOlwvXC93d3cucGFsYWlzYW5uZWN5LmNvbVwvd3AtY29udGVudFwvdXBsb2Fkc1wvcm9vbXNcL3ByZW1pdW0tdnVlLXBhbGFpc1wvaG90ZWwtcGFsYWlzLWFubmVjeS1jaGFtYnJlLXByZW1pdW0tdnVlLXBhbGFpcy1kZS1sLWlzbGUtdnVlLWFuZ2xlLWRyb2l0LndlYnAifQ%3D%3D\">\n\t\t\t\t\t\t\t\t\t\t\t\t\t\t\t\t\t\t\t\t\t<img loading=\"lazy\" decoding=\"async\" width=\"1200\" height=\"800\" src=\"https:\/\/www.palaisannecy.com\/wp-content\/uploads\/rooms\/premium-vue-palais\/hotel-palais-annecy-chambre-premium-vue-palais-de-l-isle-vue-angle-droit.webp\" class=\"attachment-full size-full\" alt=\"H\u00f4tel Palais Annecy, Chambre Premium Vue Palais de L&#039;Isle - Vue angle droit\" srcset=\"https:\/\/www.palaisannecy.com\/wp-content\/uploads\/rooms\/premium-vue-palais\/hotel-palais-annecy-chambre-premium-vue-palais-de-l-isle-vue-angle-droit.webp 1200w, https:\/\/www.palaisannecy.com\/wp-content\/uploads\/rooms\/premium-vue-palais\/hotel-palais-annecy-chambre-premium-vue-palais-de-l-isle-vue-angle-droit-300x200.webp 300w, https:\/\/www.palaisannecy.com\/wp-content\/uploads\/rooms\/premium-vue-palais\/hotel-palais-annecy-chambre-premium-vue-palais-de-l-isle-vue-angle-droit-1024x683.webp 1024w, https:\/\/www.palaisannecy.com\/wp-content\/uploads\/rooms\/premium-vue-palais\/hotel-palais-annecy-chambre-premium-vue-palais-de-l-isle-vue-angle-droit-768x512.webp 768w\" sizes=\"(max-width: 1200px) 100vw, 1200px\" \/>\t\t\t\t\t\t\t\t\t\t\t\t\t\t\t\t\t\t\t\t\t\t\t\t\t\t\t\t\t\t\t\t<div class=\"eae-grid-overlay fadeIn\">\n\t\t\t\t\t\t\t\t\t\t\t\t<div class=\"eae-grid-overlay-inner\">\n\t\t\t\t\t\t\t\t\t\t\t\t\t<div class=\"eae-icon-wrapper\">\n\t\t\t\t\t\t\t\t\t\t\t\t\t\t\t\t\t\t\t\t\t\t\t\t\t\t\t<\/div>\n\t\t\t\t\t\t\t\t\t\t\t\t\t\t\t\t\t\t\t\t\t\t\t\t\t<\/div>\n\t\t\t\t\t\t\t\t\t\t<\/div>\n\t\t\t\t\t\t\t\t\t\t\t\t\t\t\t\t\t\t\t<\/a>\n\t\t\t\t\t\t\t\t<\/div>\n\t\t\t\t\t\t\t<\/div>\n\t\t\t\t\t\t\t\t\t\t\t\t\t\t<div class=\"eae-gallery-item chambres\">\n\t\t\t\t\t\t\t\t<div class=\"eae-gallery-item-inner\">\n\t\t\t\t\t\t\t\t\t<a href=\"https:\/\/www.palaisannecy.com\/wp-content\/uploads\/chambre-single-hotel-palais-de-lisle-annecy.webp\" data-elementor-open-lightbox=\"yes\" data-elementor-lightbox-slideshow=\"eae-fg-gallery-2317\" data-elementor-lightbox-title=\"Chambre Single \u00e0 l&#039;h\u00f4tel Palais de l&#039;Isle \u00e0 Annecy\" data-elementor-lightbox-description=\"Cette Chambre Single de l&#039;h\u00f4tel Palais de l&#039;Isle \u00e0 Annecy dispose d&#039;un lit simple habill\u00e9 de linge blanc, d&#039;une t\u00eate de lit bleue nervur\u00e9e et d&#039;une table de chevet avec t\u00e9l\u00e9phone. La salle de bain vitr\u00e9e est visible depuis la chambre et comprend une douche \u00e0 l&#039;italienne avec carrelage sombre. L&#039;ensemble est lumineux, avec des murs clairs et une d\u00e9coration contemporaine.\" data-e-action-hash=\"#elementor-action%3Aaction%3Dlightbox%26settings%3DeyJpZCI6MTc3MDUsInVybCI6Imh0dHBzOlwvXC93d3cucGFsYWlzYW5uZWN5LmNvbVwvd3AtY29udGVudFwvdXBsb2Fkc1wvY2hhbWJyZS1zaW5nbGUtaG90ZWwtcGFsYWlzLWRlLWxpc2xlLWFubmVjeS53ZWJwIn0%3D\">\n\t\t\t\t\t\t\t\t\t\t\t\t\t\t\t\t\t\t\t\t\t<img loading=\"lazy\" decoding=\"async\" width=\"1200\" height=\"720\" src=\"https:\/\/www.palaisannecy.com\/wp-content\/uploads\/chambre-single-hotel-palais-de-lisle-annecy.webp\" class=\"attachment-full size-full\" alt=\"Chambre Single avec lit simple, salle de bain vitr\u00e9e et d\u00e9coration contemporaine\" srcset=\"https:\/\/www.palaisannecy.com\/wp-content\/uploads\/chambre-single-hotel-palais-de-lisle-annecy.webp 1200w, https:\/\/www.palaisannecy.com\/wp-content\/uploads\/chambre-single-hotel-palais-de-lisle-annecy-300x180.webp 300w, https:\/\/www.palaisannecy.com\/wp-content\/uploads\/chambre-single-hotel-palais-de-lisle-annecy-1024x614.webp 1024w, https:\/\/www.palaisannecy.com\/wp-content\/uploads\/chambre-single-hotel-palais-de-lisle-annecy-768x461.webp 768w\" sizes=\"(max-width: 1200px) 100vw, 1200px\" \/>\t\t\t\t\t\t\t\t\t\t\t\t\t\t\t\t\t\t\t\t\t\t\t\t\t\t\t\t\t\t\t\t<div class=\"eae-grid-overlay fadeIn\">\n\t\t\t\t\t\t\t\t\t\t\t\t<div class=\"eae-grid-overlay-inner\">\n\t\t\t\t\t\t\t\t\t\t\t\t\t<div class=\"eae-icon-wrapper\">\n\t\t\t\t\t\t\t\t\t\t\t\t\t\t\t\t\t\t\t\t\t\t\t\t\t\t\t<\/div>\n\t\t\t\t\t\t\t\t\t\t\t\t\t\t\t\t\t\t\t\t\t\t\t\t\t<\/div>\n\t\t\t\t\t\t\t\t\t\t<\/div>\n\t\t\t\t\t\t\t\t\t\t\t\t\t\t\t\t\t\t\t<\/a>\n\t\t\t\t\t\t\t\t<\/div>\n\t\t\t\t\t\t\t<\/div>\n\t\t\t\t\t\t\t\t\t\t\t\t\t\t<div class=\"eae-gallery-item chambres\">\n\t\t\t\t\t\t\t\t<div class=\"eae-gallery-item-inner\">\n\t\t\t\t\t\t\t\t\t<a href=\"https:\/\/www.palaisannecy.com\/wp-content\/uploads\/rooms\/chambre-single\/chambre-simple-hotel-palais-de-l-isle-annecy.webp\" data-elementor-open-lightbox=\"yes\" data-elementor-lightbox-slideshow=\"eae-fg-gallery-2317\" data-elementor-lightbox-title=\"Chambre Simple \u00e0 l&#039;h\u00f4tel Palais de l&#039;Isle \u00e0 Annecy\" data-elementor-lightbox-description=\"La Chambre Simple de l\u2019H\u00f4tel Palais de l\u2019Isle \u00e0 Annecy offre un espace intime et fonctionnel, pens\u00e9 pour les s\u00e9jours en solo. Alliant confort, luminosit\u00e9 et d\u00e9coration contemporaine, elle est id\u00e9ale pour les voyageurs d\u2019affaires ou les courts s\u00e9jours.\" data-e-action-hash=\"#elementor-action%3Aaction%3Dlightbox%26settings%3DeyJpZCI6MTc2OTMsInVybCI6Imh0dHBzOlwvXC93d3cucGFsYWlzYW5uZWN5LmNvbVwvd3AtY29udGVudFwvdXBsb2Fkc1wvcm9vbXNcL2NoYW1icmUtc2luZ2xlXC9jaGFtYnJlLXNpbXBsZS1ob3RlbC1wYWxhaXMtZGUtbC1pc2xlLWFubmVjeS53ZWJwIn0%3D\">\n\t\t\t\t\t\t\t\t\t\t\t\t\t\t\t\t\t\t\t\t\t<img loading=\"lazy\" decoding=\"async\" width=\"545\" height=\"545\" src=\"https:\/\/www.palaisannecy.com\/wp-content\/uploads\/rooms\/chambre-single\/chambre-simple-hotel-palais-de-l-isle-annecy.webp\" class=\"attachment-full size-full\" alt=\"Chambre simple \u00e0 l\u2019H\u00f4tel Palais de l\u2019Isle \u00e0 Annecy, id\u00e9ale pour un s\u00e9jour individuel dans le centre historique\" srcset=\"https:\/\/www.palaisannecy.com\/wp-content\/uploads\/rooms\/chambre-single\/chambre-simple-hotel-palais-de-l-isle-annecy.webp 545w, https:\/\/www.palaisannecy.com\/wp-content\/uploads\/rooms\/chambre-single\/chambre-simple-hotel-palais-de-l-isle-annecy-300x300.webp 300w, https:\/\/www.palaisannecy.com\/wp-content\/uploads\/rooms\/chambre-single\/chambre-simple-hotel-palais-de-l-isle-annecy-150x150.webp 150w\" sizes=\"(max-width: 545px) 100vw, 545px\" \/>\t\t\t\t\t\t\t\t\t\t\t\t\t\t\t\t\t\t\t\t\t\t\t\t\t\t\t\t\t\t\t\t<div class=\"eae-grid-overlay fadeIn\">\n\t\t\t\t\t\t\t\t\t\t\t\t<div class=\"eae-grid-overlay-inner\">\n\t\t\t\t\t\t\t\t\t\t\t\t\t<div class=\"eae-icon-wrapper\">\n\t\t\t\t\t\t\t\t\t\t\t\t\t\t\t\t\t\t\t\t\t\t\t\t\t\t\t<\/div>\n\t\t\t\t\t\t\t\t\t\t\t\t\t\t\t\t\t\t\t\t\t\t\t\t\t<\/div>\n\t\t\t\t\t\t\t\t\t\t<\/div>\n\t\t\t\t\t\t\t\t\t\t\t\t\t\t\t\t\t\t\t<\/a>\n\t\t\t\t\t\t\t\t<\/div>\n\t\t\t\t\t\t\t<\/div>\n\t\t\t\t\t\t\t\t\t\t\t\t\t\t<div class=\"eae-gallery-item chambres\">\n\t\t\t\t\t\t\t\t<div class=\"eae-gallery-item-inner\">\n\t\t\t\t\t\t\t\t\t<a href=\"https:\/\/www.palaisannecy.com\/wp-content\/uploads\/rooms\/chambre-charme\/chambre-charme-double-hotel-palais-de-l-isle-annecy.webp\" data-elementor-open-lightbox=\"yes\" data-elementor-lightbox-slideshow=\"eae-fg-gallery-2317\" data-elementor-lightbox-title=\"Chambre Charme Double \u00e0 l&#039;h\u00f4tel Palais de l&#039;Isle \u00e0 Annecy\" data-elementor-lightbox-description=\"Profitez d\u2019un s\u00e9jour paisible dans la Chambre Double sur Cour de l\u2019H\u00f4tel Palais de l\u2019Isle \u00e0 Annecy. Lumineuse et \u00e9l\u00e9gamment d\u00e9cor\u00e9e, elle offre confort et tranquillit\u00e9 \u00e0 deux pas du centre historique et des canaux.\" data-e-action-hash=\"#elementor-action%3Aaction%3Dlightbox%26settings%3DeyJpZCI6MTc4NTMsInVybCI6Imh0dHBzOlwvXC93d3cucGFsYWlzYW5uZWN5LmNvbVwvd3AtY29udGVudFwvdXBsb2Fkc1wvcm9vbXNcL2NoYW1icmUtY2hhcm1lXC9jaGFtYnJlLWNoYXJtZS1kb3VibGUtaG90ZWwtcGFsYWlzLWRlLWwtaXNsZS1hbm5lY3kud2VicCJ9\">\n\t\t\t\t\t\t\t\t\t\t\t\t\t\t\t\t\t\t\t\t\t<img loading=\"lazy\" decoding=\"async\" width=\"1200\" height=\"720\" src=\"https:\/\/www.palaisannecy.com\/wp-content\/uploads\/rooms\/chambre-charme\/chambre-charme-double-hotel-palais-de-l-isle-annecy.webp\" class=\"attachment-full size-full\" alt=\"Chambre double sur cour \u00e0 l\u2019H\u00f4tel Palais de l\u2019Isle \u00e0 Annecy, paisible et lumineuse\" srcset=\"https:\/\/www.palaisannecy.com\/wp-content\/uploads\/rooms\/chambre-charme\/chambre-charme-double-hotel-palais-de-l-isle-annecy.webp 1200w, https:\/\/www.palaisannecy.com\/wp-content\/uploads\/rooms\/chambre-charme\/chambre-charme-double-hotel-palais-de-l-isle-annecy-300x180.webp 300w, https:\/\/www.palaisannecy.com\/wp-content\/uploads\/rooms\/chambre-charme\/chambre-charme-double-hotel-palais-de-l-isle-annecy-1024x614.webp 1024w, https:\/\/www.palaisannecy.com\/wp-content\/uploads\/rooms\/chambre-charme\/chambre-charme-double-hotel-palais-de-l-isle-annecy-768x461.webp 768w\" sizes=\"(max-width: 1200px) 100vw, 1200px\" \/>\t\t\t\t\t\t\t\t\t\t\t\t\t\t\t\t\t\t\t\t\t\t\t\t\t\t\t\t\t\t\t\t<div class=\"eae-grid-overlay fadeIn\">\n\t\t\t\t\t\t\t\t\t\t\t\t<div class=\"eae-grid-overlay-inner\">\n\t\t\t\t\t\t\t\t\t\t\t\t\t<div class=\"eae-icon-wrapper\">\n\t\t\t\t\t\t\t\t\t\t\t\t\t\t\t\t\t\t\t\t\t\t\t\t\t\t\t<\/div>\n\t\t\t\t\t\t\t\t\t\t\t\t\t\t\t\t\t\t\t\t\t\t\t\t\t<\/div>\n\t\t\t\t\t\t\t\t\t\t<\/div>\n\t\t\t\t\t\t\t\t\t\t\t\t\t\t\t\t\t\t\t<\/a>\n\t\t\t\t\t\t\t\t<\/div>\n\t\t\t\t\t\t\t<\/div>\n\t\t\t\t\t\t\t\t\t\t\t\t\t\t<div class=\"eae-gallery-item chambres\">\n\t\t\t\t\t\t\t\t<div class=\"eae-gallery-item-inner\">\n\t\t\t\t\t\t\t\t\t<a href=\"https:\/\/www.palaisannecy.com\/wp-content\/uploads\/rooms\/chambre-charme\/chambre-charme-double-table-plateau-hotel-palais-de-l-isle-annecy.webp\" data-elementor-open-lightbox=\"yes\" data-elementor-lightbox-slideshow=\"eae-fg-gallery-2317\" data-elementor-lightbox-title=\"Chambre Charme Double avec table et lit double \u00e0 l&#039;h\u00f4tel Palais de l&#039;Isle\" data-elementor-lightbox-description=\"Cette Chambre Charme Double de l&#039;h\u00f4tel Palais de l&#039;Isle \u00e0 Annecy pr\u00e9sente un lit double habill\u00e9 de linge blanc, une t\u00eate de lit bleue nervur\u00e9e et deux appliques murales. Une table ronde accueille un plateau avec bouilloire et tasses. La d\u00e9coration associe des murs clairs, des \u00e9l\u00e9ments muraux d\u00e9coratifs et un sol en parquet \u00e0 motifs.\" data-e-action-hash=\"#elementor-action%3Aaction%3Dlightbox%26settings%3DeyJpZCI6MTc4NTAsInVybCI6Imh0dHBzOlwvXC93d3cucGFsYWlzYW5uZWN5LmNvbVwvd3AtY29udGVudFwvdXBsb2Fkc1wvcm9vbXNcL2NoYW1icmUtY2hhcm1lXC9jaGFtYnJlLWNoYXJtZS1kb3VibGUtdGFibGUtcGxhdGVhdS1ob3RlbC1wYWxhaXMtZGUtbC1pc2xlLWFubmVjeS53ZWJwIn0%3D\">\n\t\t\t\t\t\t\t\t\t\t\t\t\t\t\t\t\t\t\t\t\t<img loading=\"lazy\" decoding=\"async\" width=\"1200\" height=\"720\" src=\"https:\/\/www.palaisannecy.com\/wp-content\/uploads\/rooms\/chambre-charme\/chambre-charme-double-table-plateau-hotel-palais-de-l-isle-annecy.webp\" class=\"attachment-full size-full\" alt=\"Chambre Charme Double avec lit double, table ronde et t\u00eate de lit bleue\" srcset=\"https:\/\/www.palaisannecy.com\/wp-content\/uploads\/rooms\/chambre-charme\/chambre-charme-double-table-plateau-hotel-palais-de-l-isle-annecy.webp 1200w, https:\/\/www.palaisannecy.com\/wp-content\/uploads\/rooms\/chambre-charme\/chambre-charme-double-table-plateau-hotel-palais-de-l-isle-annecy-300x180.webp 300w, https:\/\/www.palaisannecy.com\/wp-content\/uploads\/rooms\/chambre-charme\/chambre-charme-double-table-plateau-hotel-palais-de-l-isle-annecy-1024x614.webp 1024w, https:\/\/www.palaisannecy.com\/wp-content\/uploads\/rooms\/chambre-charme\/chambre-charme-double-table-plateau-hotel-palais-de-l-isle-annecy-768x461.webp 768w\" sizes=\"(max-width: 1200px) 100vw, 1200px\" \/>\t\t\t\t\t\t\t\t\t\t\t\t\t\t\t\t\t\t\t\t\t\t\t\t\t\t\t\t\t\t\t\t<div class=\"eae-grid-overlay fadeIn\">\n\t\t\t\t\t\t\t\t\t\t\t\t<div class=\"eae-grid-overlay-inner\">\n\t\t\t\t\t\t\t\t\t\t\t\t\t<div class=\"eae-icon-wrapper\">\n\t\t\t\t\t\t\t\t\t\t\t\t\t\t\t\t\t\t\t\t\t\t\t\t\t\t\t<\/div>\n\t\t\t\t\t\t\t\t\t\t\t\t\t\t\t\t\t\t\t\t\t\t\t\t\t<\/div>\n\t\t\t\t\t\t\t\t\t\t<\/div>\n\t\t\t\t\t\t\t\t\t\t\t\t\t\t\t\t\t\t\t<\/a>\n\t\t\t\t\t\t\t\t<\/div>\n\t\t\t\t\t\t\t<\/div>\n\t\t\t\t\t\t\t\t\t\t\t\t\t\t<div class=\"eae-gallery-item petit-djeuner\">\n\t\t\t\t\t\t\t\t<div class=\"eae-gallery-item-inner\">\n\t\t\t\t\t\t\t\t\t<a href=\"https:\/\/www.palaisannecy.com\/wp-content\/uploads\/coquetiers-et-oeufs-frais-petit-dejeuner.jpg\" data-elementor-open-lightbox=\"yes\" data-elementor-lightbox-slideshow=\"eae-fg-gallery-2317\" data-elementor-lightbox-title=\"coquetiers-et-oeufs-frais-petit-dejeuner\" data-elementor-lightbox-description=\"Oeufs \u00e0 la coque servis dans des coquetiers modernes lors du petit d\u00e9jeuner buffet de l H\u00f4tel Palais \u00e0 Annecy.\" data-e-action-hash=\"#elementor-action%3Aaction%3Dlightbox%26settings%3DeyJpZCI6MjQ4NDQsInVybCI6Imh0dHBzOlwvXC93d3cucGFsYWlzYW5uZWN5LmNvbVwvd3AtY29udGVudFwvdXBsb2Fkc1wvY29xdWV0aWVycy1ldC1vZXVmcy1mcmFpcy1wZXRpdC1kZWpldW5lci5qcGcifQ%3D%3D\">\n\t\t\t\t\t\t\t\t\t\t\t\t\t\t\t\t\t\t\t\t\t<img loading=\"lazy\" decoding=\"async\" width=\"1200\" height=\"800\" src=\"https:\/\/www.palaisannecy.com\/wp-content\/uploads\/coquetiers-et-oeufs-frais-petit-dejeuner.jpg\" class=\"attachment-full size-full\" alt=\"Deux oeufs \u00e0 la coque dans des coquetiers design sur table\" srcset=\"https:\/\/www.palaisannecy.com\/wp-content\/uploads\/coquetiers-et-oeufs-frais-petit-dejeuner.jpg 1200w, https:\/\/www.palaisannecy.com\/wp-content\/uploads\/coquetiers-et-oeufs-frais-petit-dejeuner-300x200.jpg 300w, https:\/\/www.palaisannecy.com\/wp-content\/uploads\/coquetiers-et-oeufs-frais-petit-dejeuner-1024x683.jpg 1024w, https:\/\/www.palaisannecy.com\/wp-content\/uploads\/coquetiers-et-oeufs-frais-petit-dejeuner-768x512.jpg 768w\" sizes=\"(max-width: 1200px) 100vw, 1200px\" \/>\t\t\t\t\t\t\t\t\t\t\t\t\t\t\t\t\t\t\t\t\t\t\t\t\t\t\t\t\t\t\t\t<div class=\"eae-grid-overlay fadeIn\">\n\t\t\t\t\t\t\t\t\t\t\t\t<div class=\"eae-grid-overlay-inner\">\n\t\t\t\t\t\t\t\t\t\t\t\t\t<div class=\"eae-icon-wrapper\">\n\t\t\t\t\t\t\t\t\t\t\t\t\t\t\t\t\t\t\t\t\t\t\t\t\t\t\t<\/div>\n\t\t\t\t\t\t\t\t\t\t\t\t\t\t\t\t\t\t\t\t\t\t\t\t\t<\/div>\n\t\t\t\t\t\t\t\t\t\t<\/div>\n\t\t\t\t\t\t\t\t\t\t\t\t\t\t\t\t\t\t\t<\/a>\n\t\t\t\t\t\t\t\t<\/div>\n\t\t\t\t\t\t\t<\/div>\n\t\t\t\t\t\t\t\t\t\t\t\t\t\t<div class=\"eae-gallery-item petit-djeuner\">\n\t\t\t\t\t\t\t\t<div class=\"eae-gallery-item-inner\">\n\t\t\t\t\t\t\t\t\t<a href=\"https:\/\/www.palaisannecy.com\/wp-content\/uploads\/petit-dejeuner-hotel-palais-annecy-2.jpg\" data-elementor-open-lightbox=\"yes\" data-elementor-lightbox-slideshow=\"eae-fg-gallery-2317\" data-elementor-lightbox-title=\"Oeufs brouill\u00e9s maison au buffet\" data-elementor-lightbox-description=\"Oeufs brouill\u00e9s pr\u00e9par\u00e9s maison et maintenus au chaud sur le buffet du petit d\u00e9jeuner de l H\u00f4tel Palais Annecy\" data-e-action-hash=\"#elementor-action%3Aaction%3Dlightbox%26settings%3DeyJpZCI6MjQ4NDcsInVybCI6Imh0dHBzOlwvXC93d3cucGFsYWlzYW5uZWN5LmNvbVwvd3AtY29udGVudFwvdXBsb2Fkc1wvcGV0aXQtZGVqZXVuZXItaG90ZWwtcGFsYWlzLWFubmVjeS0yLmpwZyJ9\">\n\t\t\t\t\t\t\t\t\t\t\t\t\t\t\t\t\t\t\t\t\t<img loading=\"lazy\" decoding=\"async\" width=\"1200\" height=\"800\" src=\"https:\/\/www.palaisannecy.com\/wp-content\/uploads\/petit-dejeuner-hotel-palais-annecy-2.jpg\" class=\"attachment-full size-full\" alt=\"Casserole d oeufs brouill\u00e9s avec cuill\u00e8re en bois\" srcset=\"https:\/\/www.palaisannecy.com\/wp-content\/uploads\/petit-dejeuner-hotel-palais-annecy-2.jpg 1200w, https:\/\/www.palaisannecy.com\/wp-content\/uploads\/petit-dejeuner-hotel-palais-annecy-2-300x200.jpg 300w, https:\/\/www.palaisannecy.com\/wp-content\/uploads\/petit-dejeuner-hotel-palais-annecy-2-1024x683.jpg 1024w, https:\/\/www.palaisannecy.com\/wp-content\/uploads\/petit-dejeuner-hotel-palais-annecy-2-768x512.jpg 768w\" sizes=\"(max-width: 1200px) 100vw, 1200px\" \/>\t\t\t\t\t\t\t\t\t\t\t\t\t\t\t\t\t\t\t\t\t\t\t\t\t\t\t\t\t\t\t\t<div class=\"eae-grid-overlay fadeIn\">\n\t\t\t\t\t\t\t\t\t\t\t\t<div class=\"eae-grid-overlay-inner\">\n\t\t\t\t\t\t\t\t\t\t\t\t\t<div class=\"eae-icon-wrapper\">\n\t\t\t\t\t\t\t\t\t\t\t\t\t\t\t\t\t\t\t\t\t\t\t\t\t\t\t<\/div>\n\t\t\t\t\t\t\t\t\t\t\t\t\t\t\t\t\t\t\t\t\t\t\t\t\t<\/div>\n\t\t\t\t\t\t\t\t\t\t<\/div>\n\t\t\t\t\t\t\t\t\t\t\t\t\t\t\t\t\t\t\t<\/a>\n\t\t\t\t\t\t\t\t<\/div>\n\t\t\t\t\t\t\t<\/div>\n\t\t\t\t\t\t\t\t\t\t\t\t\t\t<div class=\"eae-gallery-item petit-djeuner\">\n\t\t\t\t\t\t\t\t<div class=\"eae-gallery-item-inner\">\n\t\t\t\t\t\t\t\t\t<a href=\"https:\/\/www.palaisannecy.com\/wp-content\/uploads\/petit-dejeuner-hotel-palais-annecy-3.jpg\" data-elementor-open-lightbox=\"yes\" data-elementor-lightbox-slideshow=\"eae-fg-gallery-2317\" data-elementor-lightbox-title=\"P\u00e2te \u00e0 tartiner et madeleines au petit d\u00e9jeuner\" data-elementor-lightbox-description=\"P\u00e2te \u00e0 tartiner onctueuse accompagn\u00e9e de madeleines dor\u00e9es propos\u00e9es au buffet du petit d\u00e9jeuner \u00e0 l H\u00f4tel Palais Annecy.\" data-e-action-hash=\"#elementor-action%3Aaction%3Dlightbox%26settings%3DeyJpZCI6MjQ4NTAsInVybCI6Imh0dHBzOlwvXC93d3cucGFsYWlzYW5uZWN5LmNvbVwvd3AtY29udGVudFwvdXBsb2Fkc1wvcGV0aXQtZGVqZXVuZXItaG90ZWwtcGFsYWlzLWFubmVjeS0zLmpwZyJ9\">\n\t\t\t\t\t\t\t\t\t\t\t\t\t\t\t\t\t\t\t\t\t<img loading=\"lazy\" decoding=\"async\" width=\"1200\" height=\"800\" src=\"https:\/\/www.palaisannecy.com\/wp-content\/uploads\/petit-dejeuner-hotel-palais-annecy-3.jpg\" class=\"attachment-full size-full\" alt=\"Bol de p\u00e2te \u00e0 tartiner chocolat avec madeleines\" srcset=\"https:\/\/www.palaisannecy.com\/wp-content\/uploads\/petit-dejeuner-hotel-palais-annecy-3.jpg 1200w, https:\/\/www.palaisannecy.com\/wp-content\/uploads\/petit-dejeuner-hotel-palais-annecy-3-300x200.jpg 300w, https:\/\/www.palaisannecy.com\/wp-content\/uploads\/petit-dejeuner-hotel-palais-annecy-3-1024x683.jpg 1024w, https:\/\/www.palaisannecy.com\/wp-content\/uploads\/petit-dejeuner-hotel-palais-annecy-3-768x512.jpg 768w\" sizes=\"(max-width: 1200px) 100vw, 1200px\" \/>\t\t\t\t\t\t\t\t\t\t\t\t\t\t\t\t\t\t\t\t\t\t\t\t\t\t\t\t\t\t\t\t<div class=\"eae-grid-overlay fadeIn\">\n\t\t\t\t\t\t\t\t\t\t\t\t<div class=\"eae-grid-overlay-inner\">\n\t\t\t\t\t\t\t\t\t\t\t\t\t<div class=\"eae-icon-wrapper\">\n\t\t\t\t\t\t\t\t\t\t\t\t\t\t\t\t\t\t\t\t\t\t\t\t\t\t\t<\/div>\n\t\t\t\t\t\t\t\t\t\t\t\t\t\t\t\t\t\t\t\t\t\t\t\t\t<\/div>\n\t\t\t\t\t\t\t\t\t\t<\/div>\n\t\t\t\t\t\t\t\t\t\t\t\t\t\t\t\t\t\t\t<\/a>\n\t\t\t\t\t\t\t\t<\/div>\n\t\t\t\t\t\t\t<\/div>\n\t\t\t\t\t\t\t\t\t\t\t\t\t\t<div class=\"eae-gallery-item petit-djeuner\">\n\t\t\t\t\t\t\t\t<div class=\"eae-gallery-item-inner\">\n\t\t\t\t\t\t\t\t\t<a href=\"https:\/\/www.palaisannecy.com\/wp-content\/uploads\/petit-dejeuner-hotel-palais-annecy-4.jpg\" data-elementor-open-lightbox=\"yes\" data-elementor-lightbox-slideshow=\"eae-fg-gallery-2317\" data-elementor-lightbox-title=\"Fromages et charcuteries au buffet\" data-elementor-lightbox-description=\"S\u00e9lection de fromages et de charcuteries pr\u00e9sent\u00e9e sur ardoise lors du petit d\u00e9jeuner buffet de l H\u00f4tel Palais \u00e0 Annecy.\" data-e-action-hash=\"#elementor-action%3Aaction%3Dlightbox%26settings%3DeyJpZCI6MjQ4NTMsInVybCI6Imh0dHBzOlwvXC93d3cucGFsYWlzYW5uZWN5LmNvbVwvd3AtY29udGVudFwvdXBsb2Fkc1wvcGV0aXQtZGVqZXVuZXItaG90ZWwtcGFsYWlzLWFubmVjeS00LmpwZyJ9\">\n\t\t\t\t\t\t\t\t\t\t\t\t\t\t\t\t\t\t\t\t\t<img loading=\"lazy\" decoding=\"async\" width=\"1200\" height=\"800\" src=\"https:\/\/www.palaisannecy.com\/wp-content\/uploads\/petit-dejeuner-hotel-palais-annecy-4.jpg\" class=\"attachment-full size-full\" alt=\"Plateau de fromages et charcuteries au petit d\u00e9jeuner\" srcset=\"https:\/\/www.palaisannecy.com\/wp-content\/uploads\/petit-dejeuner-hotel-palais-annecy-4.jpg 1200w, https:\/\/www.palaisannecy.com\/wp-content\/uploads\/petit-dejeuner-hotel-palais-annecy-4-300x200.jpg 300w, https:\/\/www.palaisannecy.com\/wp-content\/uploads\/petit-dejeuner-hotel-palais-annecy-4-1024x683.jpg 1024w, https:\/\/www.palaisannecy.com\/wp-content\/uploads\/petit-dejeuner-hotel-palais-annecy-4-768x512.jpg 768w\" sizes=\"(max-width: 1200px) 100vw, 1200px\" \/>\t\t\t\t\t\t\t\t\t\t\t\t\t\t\t\t\t\t\t\t\t\t\t\t\t\t\t\t\t\t\t\t<div class=\"eae-grid-overlay fadeIn\">\n\t\t\t\t\t\t\t\t\t\t\t\t<div class=\"eae-grid-overlay-inner\">\n\t\t\t\t\t\t\t\t\t\t\t\t\t<div class=\"eae-icon-wrapper\">\n\t\t\t\t\t\t\t\t\t\t\t\t\t\t\t\t\t\t\t\t\t\t\t\t\t\t\t<\/div>\n\t\t\t\t\t\t\t\t\t\t\t\t\t\t\t\t\t\t\t\t\t\t\t\t\t<\/div>\n\t\t\t\t\t\t\t\t\t\t<\/div>\n\t\t\t\t\t\t\t\t\t\t\t\t\t\t\t\t\t\t\t<\/a>\n\t\t\t\t\t\t\t\t<\/div>\n\t\t\t\t\t\t\t<\/div>\n\t\t\t\t\t\t\t\t\t\t\t\t\t\t<div class=\"eae-gallery-item petit-djeuner\">\n\t\t\t\t\t\t\t\t<div class=\"eae-gallery-item-inner\">\n\t\t\t\t\t\t\t\t\t<a href=\"https:\/\/www.palaisannecy.com\/wp-content\/uploads\/petit-dejeuner-hotel-palais-annecy-5.jpg\" data-elementor-open-lightbox=\"yes\" data-elementor-lightbox-slideshow=\"eae-fg-gallery-2317\" data-elementor-lightbox-title=\"Assiette sal\u00e9e petit d\u00e9jeuner avec caf\u00e9\" data-elementor-lightbox-description=\"Assiette compos\u00e9e de fromages, charcuteries et caf\u00e9 servie au petit d\u00e9jeuner de l H\u00f4tel Palais Annecy.\" data-e-action-hash=\"#elementor-action%3Aaction%3Dlightbox%26settings%3DeyJpZCI6MjQ4NTYsInVybCI6Imh0dHBzOlwvXC93d3cucGFsYWlzYW5uZWN5LmNvbVwvd3AtY29udGVudFwvdXBsb2Fkc1wvcGV0aXQtZGVqZXVuZXItaG90ZWwtcGFsYWlzLWFubmVjeS01LmpwZyJ9\">\n\t\t\t\t\t\t\t\t\t\t\t\t\t\t\t\t\t\t\t\t\t<img loading=\"lazy\" decoding=\"async\" width=\"1200\" height=\"800\" src=\"https:\/\/www.palaisannecy.com\/wp-content\/uploads\/petit-dejeuner-hotel-palais-annecy-5.jpg\" class=\"attachment-full size-full\" alt=\"Assiette de fromages et charcuterie avec tasse de caf\u00e9\" srcset=\"https:\/\/www.palaisannecy.com\/wp-content\/uploads\/petit-dejeuner-hotel-palais-annecy-5.jpg 1200w, https:\/\/www.palaisannecy.com\/wp-content\/uploads\/petit-dejeuner-hotel-palais-annecy-5-300x200.jpg 300w, https:\/\/www.palaisannecy.com\/wp-content\/uploads\/petit-dejeuner-hotel-palais-annecy-5-1024x683.jpg 1024w, https:\/\/www.palaisannecy.com\/wp-content\/uploads\/petit-dejeuner-hotel-palais-annecy-5-768x512.jpg 768w\" sizes=\"(max-width: 1200px) 100vw, 1200px\" \/>\t\t\t\t\t\t\t\t\t\t\t\t\t\t\t\t\t\t\t\t\t\t\t\t\t\t\t\t\t\t\t\t<div class=\"eae-grid-overlay fadeIn\">\n\t\t\t\t\t\t\t\t\t\t\t\t<div class=\"eae-grid-overlay-inner\">\n\t\t\t\t\t\t\t\t\t\t\t\t\t<div class=\"eae-icon-wrapper\">\n\t\t\t\t\t\t\t\t\t\t\t\t\t\t\t\t\t\t\t\t\t\t\t\t\t\t\t<\/div>\n\t\t\t\t\t\t\t\t\t\t\t\t\t\t\t\t\t\t\t\t\t\t\t\t\t<\/div>\n\t\t\t\t\t\t\t\t\t\t<\/div>\n\t\t\t\t\t\t\t\t\t\t\t\t\t\t\t\t\t\t\t<\/a>\n\t\t\t\t\t\t\t\t<\/div>\n\t\t\t\t\t\t\t<\/div>\n\t\t\t\t\t\t\t\t\t\t\t\t\t\t<div class=\"eae-gallery-item petit-djeuner\">\n\t\t\t\t\t\t\t\t<div class=\"eae-gallery-item-inner\">\n\t\t\t\t\t\t\t\t\t<a href=\"https:\/\/www.palaisannecy.com\/wp-content\/uploads\/petit-dejeuner-hotel-palais-annecy-6.jpg\" data-elementor-open-lightbox=\"yes\" data-elementor-lightbox-slideshow=\"eae-fg-gallery-2317\" data-elementor-lightbox-title=\"Buffet petit d\u00e9jeuner sucr\u00e9 et sal\u00e9\" data-elementor-lightbox-description=\"Buffet du petit d\u00e9jeuner m\u00ealant fromages, charcuteries, confitures artisanales et jus de fruits \u00e0 l H\u00f4tel Palais Annecy.\" data-e-action-hash=\"#elementor-action%3Aaction%3Dlightbox%26settings%3DeyJpZCI6MjQ4NTksInVybCI6Imh0dHBzOlwvXC93d3cucGFsYWlzYW5uZWN5LmNvbVwvd3AtY29udGVudFwvdXBsb2Fkc1wvcGV0aXQtZGVqZXVuZXItaG90ZWwtcGFsYWlzLWFubmVjeS02LmpwZyJ9\">\n\t\t\t\t\t\t\t\t\t\t\t\t\t\t\t\t\t\t\t\t\t<img loading=\"lazy\" decoding=\"async\" width=\"1200\" height=\"800\" src=\"https:\/\/www.palaisannecy.com\/wp-content\/uploads\/petit-dejeuner-hotel-palais-annecy-6.jpg\" class=\"attachment-full size-full\" alt=\"Assiette de charcuterie et fromages devant confitures et jus\" srcset=\"https:\/\/www.palaisannecy.com\/wp-content\/uploads\/petit-dejeuner-hotel-palais-annecy-6.jpg 1200w, https:\/\/www.palaisannecy.com\/wp-content\/uploads\/petit-dejeuner-hotel-palais-annecy-6-300x200.jpg 300w, https:\/\/www.palaisannecy.com\/wp-content\/uploads\/petit-dejeuner-hotel-palais-annecy-6-1024x683.jpg 1024w, https:\/\/www.palaisannecy.com\/wp-content\/uploads\/petit-dejeuner-hotel-palais-annecy-6-768x512.jpg 768w\" sizes=\"(max-width: 1200px) 100vw, 1200px\" \/>\t\t\t\t\t\t\t\t\t\t\t\t\t\t\t\t\t\t\t\t\t\t\t\t\t\t\t\t\t\t\t\t<div class=\"eae-grid-overlay fadeIn\">\n\t\t\t\t\t\t\t\t\t\t\t\t<div class=\"eae-grid-overlay-inner\">\n\t\t\t\t\t\t\t\t\t\t\t\t\t<div class=\"eae-icon-wrapper\">\n\t\t\t\t\t\t\t\t\t\t\t\t\t\t\t\t\t\t\t\t\t\t\t\t\t\t\t<\/div>\n\t\t\t\t\t\t\t\t\t\t\t\t\t\t\t\t\t\t\t\t\t\t\t\t\t<\/div>\n\t\t\t\t\t\t\t\t\t\t<\/div>\n\t\t\t\t\t\t\t\t\t\t\t\t\t\t\t\t\t\t\t<\/a>\n\t\t\t\t\t\t\t\t<\/div>\n\t\t\t\t\t\t\t<\/div>\n\t\t\t\t\t\t\t\t\t\t\t\t\t\t<div class=\"eae-gallery-item petit-djeuner\">\n\t\t\t\t\t\t\t\t<div class=\"eae-gallery-item-inner\">\n\t\t\t\t\t\t\t\t\t<a href=\"https:\/\/www.palaisannecy.com\/wp-content\/uploads\/petit-dejeuner-hotel-palais-annecy-7.jpg\" data-elementor-open-lightbox=\"yes\" data-elementor-lightbox-slideshow=\"eae-fg-gallery-2317\" data-elementor-lightbox-title=\"S\u00e9lection de fromages au petit d\u00e9jeuner\" data-elementor-lightbox-description=\"Large choix de fromages et de charcuteries pr\u00e9sent\u00e9 au buffet du petit d\u00e9jeuner de l H\u00f4tel Palais \u00e0 Annecy.\" data-e-action-hash=\"#elementor-action%3Aaction%3Dlightbox%26settings%3DeyJpZCI6MjQ4NjIsInVybCI6Imh0dHBzOlwvXC93d3cucGFsYWlzYW5uZWN5LmNvbVwvd3AtY29udGVudFwvdXBsb2Fkc1wvcGV0aXQtZGVqZXVuZXItaG90ZWwtcGFsYWlzLWFubmVjeS03LmpwZyJ9\">\n\t\t\t\t\t\t\t\t\t\t\t\t\t\t\t\t\t\t\t\t\t<img loading=\"lazy\" decoding=\"async\" width=\"1200\" height=\"800\" src=\"https:\/\/www.palaisannecy.com\/wp-content\/uploads\/petit-dejeuner-hotel-palais-annecy-7.jpg\" class=\"attachment-full size-full\" alt=\"Plateau de fromages vari\u00e9s et charcuterie sur buffet\" srcset=\"https:\/\/www.palaisannecy.com\/wp-content\/uploads\/petit-dejeuner-hotel-palais-annecy-7.jpg 1200w, https:\/\/www.palaisannecy.com\/wp-content\/uploads\/petit-dejeuner-hotel-palais-annecy-7-300x200.jpg 300w, https:\/\/www.palaisannecy.com\/wp-content\/uploads\/petit-dejeuner-hotel-palais-annecy-7-1024x683.jpg 1024w, https:\/\/www.palaisannecy.com\/wp-content\/uploads\/petit-dejeuner-hotel-palais-annecy-7-768x512.jpg 768w\" sizes=\"(max-width: 1200px) 100vw, 1200px\" \/>\t\t\t\t\t\t\t\t\t\t\t\t\t\t\t\t\t\t\t\t\t\t\t\t\t\t\t\t\t\t\t\t<div class=\"eae-grid-overlay fadeIn\">\n\t\t\t\t\t\t\t\t\t\t\t\t<div class=\"eae-grid-overlay-inner\">\n\t\t\t\t\t\t\t\t\t\t\t\t\t<div class=\"eae-icon-wrapper\">\n\t\t\t\t\t\t\t\t\t\t\t\t\t\t\t\t\t\t\t\t\t\t\t\t\t\t\t<\/div>\n\t\t\t\t\t\t\t\t\t\t\t\t\t\t\t\t\t\t\t\t\t\t\t\t\t<\/div>\n\t\t\t\t\t\t\t\t\t\t<\/div>\n\t\t\t\t\t\t\t\t\t\t\t\t\t\t\t\t\t\t\t<\/a>\n\t\t\t\t\t\t\t\t<\/div>\n\t\t\t\t\t\t\t<\/div>\n\t\t\t\t\t\t\t\t\t\t\t\t\t\t<div class=\"eae-gallery-item petit-djeuner\">\n\t\t\t\t\t\t\t\t<div class=\"eae-gallery-item-inner\">\n\t\t\t\t\t\t\t\t\t<a href=\"https:\/\/www.palaisannecy.com\/wp-content\/uploads\/petit-dejeuner-hotel-palais-annecy-8.jpg\" data-elementor-open-lightbox=\"yes\" data-elementor-lightbox-slideshow=\"eae-fg-gallery-2317\" data-elementor-lightbox-title=\"Viennoiseries et confiture au buffet\" data-elementor-lightbox-description=\"Croissant croustillant et pain au chocolat accompagn\u00e9s de confiture lors du petit d\u00e9jeuner servi \u00e0 l H\u00f4tel Palais Annecy.\" data-e-action-hash=\"#elementor-action%3Aaction%3Dlightbox%26settings%3DeyJpZCI6MjQ4NjUsInVybCI6Imh0dHBzOlwvXC93d3cucGFsYWlzYW5uZWN5LmNvbVwvd3AtY29udGVudFwvdXBsb2Fkc1wvcGV0aXQtZGVqZXVuZXItaG90ZWwtcGFsYWlzLWFubmVjeS04LmpwZyJ9\">\n\t\t\t\t\t\t\t\t\t\t\t\t\t\t\t\t\t\t\t\t\t<img loading=\"lazy\" decoding=\"async\" width=\"1200\" height=\"800\" src=\"https:\/\/www.palaisannecy.com\/wp-content\/uploads\/petit-dejeuner-hotel-palais-annecy-8.jpg\" class=\"attachment-full size-full\" alt=\"Croissant et pain au chocolat avec pot de confiture\" srcset=\"https:\/\/www.palaisannecy.com\/wp-content\/uploads\/petit-dejeuner-hotel-palais-annecy-8.jpg 1200w, https:\/\/www.palaisannecy.com\/wp-content\/uploads\/petit-dejeuner-hotel-palais-annecy-8-300x200.jpg 300w, https:\/\/www.palaisannecy.com\/wp-content\/uploads\/petit-dejeuner-hotel-palais-annecy-8-1024x683.jpg 1024w, https:\/\/www.palaisannecy.com\/wp-content\/uploads\/petit-dejeuner-hotel-palais-annecy-8-768x512.jpg 768w\" sizes=\"(max-width: 1200px) 100vw, 1200px\" \/>\t\t\t\t\t\t\t\t\t\t\t\t\t\t\t\t\t\t\t\t\t\t\t\t\t\t\t\t\t\t\t\t<div class=\"eae-grid-overlay fadeIn\">\n\t\t\t\t\t\t\t\t\t\t\t\t<div class=\"eae-grid-overlay-inner\">\n\t\t\t\t\t\t\t\t\t\t\t\t\t<div class=\"eae-icon-wrapper\">\n\t\t\t\t\t\t\t\t\t\t\t\t\t\t\t\t\t\t\t\t\t\t\t\t\t\t\t<\/div>\n\t\t\t\t\t\t\t\t\t\t\t\t\t\t\t\t\t\t\t\t\t\t\t\t\t<\/div>\n\t\t\t\t\t\t\t\t\t\t<\/div>\n\t\t\t\t\t\t\t\t\t\t\t\t\t\t\t\t\t\t\t<\/a>\n\t\t\t\t\t\t\t\t<\/div>\n\t\t\t\t\t\t\t<\/div>\n\t\t\t\t\t\t\t\t\t\t\t\t\t\t<div class=\"eae-gallery-item petit-djeuner\">\n\t\t\t\t\t\t\t\t<div class=\"eae-gallery-item-inner\">\n\t\t\t\t\t\t\t\t\t<a href=\"https:\/\/www.palaisannecy.com\/wp-content\/uploads\/petit-dejeuner-hotel-palais-annecy-9.jpg\" data-elementor-open-lightbox=\"yes\" data-elementor-lightbox-slideshow=\"eae-fg-gallery-2317\" data-elementor-lightbox-title=\"Espace buffet petit d\u00e9jeuner en salle\" data-elementor-lightbox-description=\"Vue d ensemble de l espace petit d\u00e9jeuner avec viennoiseries, c\u00e9r\u00e9ales et boissons dans la salle de l H\u00f4tel Palais \u00e0 Annecy.\" data-e-action-hash=\"#elementor-action%3Aaction%3Dlightbox%26settings%3DeyJpZCI6MjQ4NjgsInVybCI6Imh0dHBzOlwvXC93d3cucGFsYWlzYW5uZWN5LmNvbVwvd3AtY29udGVudFwvdXBsb2Fkc1wvcGV0aXQtZGVqZXVuZXItaG90ZWwtcGFsYWlzLWFubmVjeS05LmpwZyJ9\">\n\t\t\t\t\t\t\t\t\t\t\t\t\t\t\t\t\t\t\t\t\t<img loading=\"lazy\" decoding=\"async\" width=\"1200\" height=\"800\" src=\"https:\/\/www.palaisannecy.com\/wp-content\/uploads\/petit-dejeuner-hotel-palais-annecy-9.jpg\" class=\"attachment-full size-full\" alt=\"Buffet de viennoiseries et boissons en salle de restaurant\" srcset=\"https:\/\/www.palaisannecy.com\/wp-content\/uploads\/petit-dejeuner-hotel-palais-annecy-9.jpg 1200w, https:\/\/www.palaisannecy.com\/wp-content\/uploads\/petit-dejeuner-hotel-palais-annecy-9-300x200.jpg 300w, https:\/\/www.palaisannecy.com\/wp-content\/uploads\/petit-dejeuner-hotel-palais-annecy-9-1024x683.jpg 1024w, https:\/\/www.palaisannecy.com\/wp-content\/uploads\/petit-dejeuner-hotel-palais-annecy-9-768x512.jpg 768w\" sizes=\"(max-width: 1200px) 100vw, 1200px\" \/>\t\t\t\t\t\t\t\t\t\t\t\t\t\t\t\t\t\t\t\t\t\t\t\t\t\t\t\t\t\t\t\t<div class=\"eae-grid-overlay fadeIn\">\n\t\t\t\t\t\t\t\t\t\t\t\t<div class=\"eae-grid-overlay-inner\">\n\t\t\t\t\t\t\t\t\t\t\t\t\t<div class=\"eae-icon-wrapper\">\n\t\t\t\t\t\t\t\t\t\t\t\t\t\t\t\t\t\t\t\t\t\t\t\t\t\t\t<\/div>\n\t\t\t\t\t\t\t\t\t\t\t\t\t\t\t\t\t\t\t\t\t\t\t\t\t<\/div>\n\t\t\t\t\t\t\t\t\t\t<\/div>\n\t\t\t\t\t\t\t\t\t\t\t\t\t\t\t\t\t\t\t<\/a>\n\t\t\t\t\t\t\t\t<\/div>\n\t\t\t\t\t\t\t<\/div>\n\t\t\t\t\t\t\t\t\t\t\t\t\t\t<div class=\"eae-gallery-item petit-djeuner\">\n\t\t\t\t\t\t\t\t<div class=\"eae-gallery-item-inner\">\n\t\t\t\t\t\t\t\t\t<a href=\"https:\/\/www.palaisannecy.com\/wp-content\/uploads\/petit-dejeuner-hotel-palais-annecy-10.jpg\" data-elementor-open-lightbox=\"yes\" data-elementor-lightbox-slideshow=\"eae-fg-gallery-2317\" data-elementor-lightbox-title=\"Madeleines et baguettes au buffet\" data-elementor-lightbox-description=\"Madeleines moelleuses et baguettes fra\u00eeches dispos\u00e9es pr\u00e8s de la p\u00e2te \u00e0 tartiner sur le buffet du petit d\u00e9jeuner \u00e0 l H\u00f4tel Palais Annecy.\" data-e-action-hash=\"#elementor-action%3Aaction%3Dlightbox%26settings%3DeyJpZCI6MjQ4NzEsInVybCI6Imh0dHBzOlwvXC93d3cucGFsYWlzYW5uZWN5LmNvbVwvd3AtY29udGVudFwvdXBsb2Fkc1wvcGV0aXQtZGVqZXVuZXItaG90ZWwtcGFsYWlzLWFubmVjeS0xMC5qcGcifQ%3D%3D\">\n\t\t\t\t\t\t\t\t\t\t\t\t\t\t\t\t\t\t\t\t\t<img loading=\"lazy\" decoding=\"async\" width=\"1200\" height=\"800\" src=\"https:\/\/www.palaisannecy.com\/wp-content\/uploads\/petit-dejeuner-hotel-palais-annecy-10.jpg\" class=\"attachment-full size-full\" alt=\"\" srcset=\"https:\/\/www.palaisannecy.com\/wp-content\/uploads\/petit-dejeuner-hotel-palais-annecy-10.jpg 1200w, https:\/\/www.palaisannecy.com\/wp-content\/uploads\/petit-dejeuner-hotel-palais-annecy-10-300x200.jpg 300w, https:\/\/www.palaisannecy.com\/wp-content\/uploads\/petit-dejeuner-hotel-palais-annecy-10-1024x683.jpg 1024w, https:\/\/www.palaisannecy.com\/wp-content\/uploads\/petit-dejeuner-hotel-palais-annecy-10-768x512.jpg 768w\" sizes=\"(max-width: 1200px) 100vw, 1200px\" \/>\t\t\t\t\t\t\t\t\t\t\t\t\t\t\t\t\t\t\t\t\t\t\t\t\t\t\t\t\t\t\t\t<div class=\"eae-grid-overlay fadeIn\">\n\t\t\t\t\t\t\t\t\t\t\t\t<div class=\"eae-grid-overlay-inner\">\n\t\t\t\t\t\t\t\t\t\t\t\t\t<div class=\"eae-icon-wrapper\">\n\t\t\t\t\t\t\t\t\t\t\t\t\t\t\t\t\t\t\t\t\t\t\t\t\t\t\t<\/div>\n\t\t\t\t\t\t\t\t\t\t\t\t\t\t\t\t\t\t\t\t\t\t\t\t\t<\/div>\n\t\t\t\t\t\t\t\t\t\t<\/div>\n\t\t\t\t\t\t\t\t\t\t\t\t\t\t\t\t\t\t\t<\/a>\n\t\t\t\t\t\t\t\t<\/div>\n\t\t\t\t\t\t\t<\/div>\n\t\t\t\t\t\t\t\t\t\t\t\t\t\t<div class=\"eae-gallery-item petit-djeuner\">\n\t\t\t\t\t\t\t\t<div class=\"eae-gallery-item-inner\">\n\t\t\t\t\t\t\t\t\t<a href=\"https:\/\/www.palaisannecy.com\/wp-content\/uploads\/petit-dejeuner-hotel-palais-annecy-11.jpg\" data-elementor-open-lightbox=\"yes\" data-elementor-lightbox-slideshow=\"eae-fg-gallery-2317\" data-elementor-lightbox-title=\"C\u00e9r\u00e9ales en bocaux au petit d\u00e9jeuner\" data-elementor-lightbox-description=\"Bocaux en verre remplis de c\u00e9r\u00e9ales vari\u00e9es propos\u00e9s au buffet du petit d\u00e9jeuner de l H\u00f4tel Palais \u00e0 Annecy.\" data-e-action-hash=\"#elementor-action%3Aaction%3Dlightbox%26settings%3DeyJpZCI6MjQ4NzQsInVybCI6Imh0dHBzOlwvXC93d3cucGFsYWlzYW5uZWN5LmNvbVwvd3AtY29udGVudFwvdXBsb2Fkc1wvcGV0aXQtZGVqZXVuZXItaG90ZWwtcGFsYWlzLWFubmVjeS0xMS5qcGcifQ%3D%3D\">\n\t\t\t\t\t\t\t\t\t\t\t\t\t\t\t\t\t\t\t\t\t<img loading=\"lazy\" decoding=\"async\" width=\"1200\" height=\"800\" src=\"https:\/\/www.palaisannecy.com\/wp-content\/uploads\/petit-dejeuner-hotel-palais-annecy-11.jpg\" class=\"attachment-full size-full\" alt=\"Bocaux de c\u00e9r\u00e9ales sur comptoir de buffet\" srcset=\"https:\/\/www.palaisannecy.com\/wp-content\/uploads\/petit-dejeuner-hotel-palais-annecy-11.jpg 1200w, https:\/\/www.palaisannecy.com\/wp-content\/uploads\/petit-dejeuner-hotel-palais-annecy-11-300x200.jpg 300w, https:\/\/www.palaisannecy.com\/wp-content\/uploads\/petit-dejeuner-hotel-palais-annecy-11-1024x683.jpg 1024w, https:\/\/www.palaisannecy.com\/wp-content\/uploads\/petit-dejeuner-hotel-palais-annecy-11-768x512.jpg 768w\" sizes=\"(max-width: 1200px) 100vw, 1200px\" \/>\t\t\t\t\t\t\t\t\t\t\t\t\t\t\t\t\t\t\t\t\t\t\t\t\t\t\t\t\t\t\t\t<div class=\"eae-grid-overlay fadeIn\">\n\t\t\t\t\t\t\t\t\t\t\t\t<div class=\"eae-grid-overlay-inner\">\n\t\t\t\t\t\t\t\t\t\t\t\t\t<div class=\"eae-icon-wrapper\">\n\t\t\t\t\t\t\t\t\t\t\t\t\t\t\t\t\t\t\t\t\t\t\t\t\t\t\t<\/div>\n\t\t\t\t\t\t\t\t\t\t\t\t\t\t\t\t\t\t\t\t\t\t\t\t\t<\/div>\n\t\t\t\t\t\t\t\t\t\t<\/div>\n\t\t\t\t\t\t\t\t\t\t\t\t\t\t\t\t\t\t\t<\/a>\n\t\t\t\t\t\t\t\t<\/div>\n\t\t\t\t\t\t\t<\/div>\n\t\t\t\t\t\t\t\t\t\t\t\t\t\t<div class=\"eae-gallery-item petit-djeuner\">\n\t\t\t\t\t\t\t\t<div class=\"eae-gallery-item-inner\">\n\t\t\t\t\t\t\t\t\t<a href=\"https:\/\/www.palaisannecy.com\/wp-content\/uploads\/petit-dejeuner-hotel-palais-annecy-12.jpg\" data-elementor-open-lightbox=\"yes\" data-elementor-lightbox-slideshow=\"eae-fg-gallery-2317\" data-elementor-lightbox-title=\"Viennoiseries fra\u00eeches en salle\" data-elementor-lightbox-description=\"Pr\u00e9sentoir en bois garni de pains au chocolat et viennoiseries fra\u00eeches dans la salle du petit d\u00e9jeuner de l H\u00f4tel Palais Annecy.\" data-e-action-hash=\"#elementor-action%3Aaction%3Dlightbox%26settings%3DeyJpZCI6MjQ4NzcsInVybCI6Imh0dHBzOlwvXC93d3cucGFsYWlzYW5uZWN5LmNvbVwvd3AtY29udGVudFwvdXBsb2Fkc1wvcGV0aXQtZGVqZXVuZXItaG90ZWwtcGFsYWlzLWFubmVjeS0xMi5qcGcifQ%3D%3D\">\n\t\t\t\t\t\t\t\t\t\t\t\t\t\t\t\t\t\t\t\t\t<img loading=\"lazy\" decoding=\"async\" width=\"1200\" height=\"800\" src=\"https:\/\/www.palaisannecy.com\/wp-content\/uploads\/petit-dejeuner-hotel-palais-annecy-12.jpg\" class=\"attachment-full size-full\" alt=\"Pains au chocolat sur pr\u00e9sentoir en bois\" srcset=\"https:\/\/www.palaisannecy.com\/wp-content\/uploads\/petit-dejeuner-hotel-palais-annecy-12.jpg 1200w, https:\/\/www.palaisannecy.com\/wp-content\/uploads\/petit-dejeuner-hotel-palais-annecy-12-300x200.jpg 300w, https:\/\/www.palaisannecy.com\/wp-content\/uploads\/petit-dejeuner-hotel-palais-annecy-12-1024x683.jpg 1024w, https:\/\/www.palaisannecy.com\/wp-content\/uploads\/petit-dejeuner-hotel-palais-annecy-12-768x512.jpg 768w\" sizes=\"(max-width: 1200px) 100vw, 1200px\" \/>\t\t\t\t\t\t\t\t\t\t\t\t\t\t\t\t\t\t\t\t\t\t\t\t\t\t\t\t\t\t\t\t<div class=\"eae-grid-overlay fadeIn\">\n\t\t\t\t\t\t\t\t\t\t\t\t<div class=\"eae-grid-overlay-inner\">\n\t\t\t\t\t\t\t\t\t\t\t\t\t<div class=\"eae-icon-wrapper\">\n\t\t\t\t\t\t\t\t\t\t\t\t\t\t\t\t\t\t\t\t\t\t\t\t\t\t\t<\/div>\n\t\t\t\t\t\t\t\t\t\t\t\t\t\t\t\t\t\t\t\t\t\t\t\t\t<\/div>\n\t\t\t\t\t\t\t\t\t\t<\/div>\n\t\t\t\t\t\t\t\t\t\t\t\t\t\t\t\t\t\t\t<\/a>\n\t\t\t\t\t\t\t\t<\/div>\n\t\t\t\t\t\t\t<\/div>\n\t\t\t\t\t\t\t\t\t\t\t\t\t\t<div class=\"eae-gallery-item petit-djeuner\">\n\t\t\t\t\t\t\t\t<div class=\"eae-gallery-item-inner\">\n\t\t\t\t\t\t\t\t\t<a href=\"https:\/\/www.palaisannecy.com\/wp-content\/uploads\/petit-dejeuner-hotel-palais-annecy-13.jpg\" data-elementor-open-lightbox=\"yes\" data-elementor-lightbox-slideshow=\"eae-fg-gallery-2317\" data-elementor-lightbox-title=\"Pr\u00e9sentoir \u00e0 viennoiseries et pains\" data-elementor-lightbox-description=\"Buffet petit d\u00e9jeuner avec pr\u00e9sentoir \u00e0 viennoiseries, pains frais et service en libre acc\u00e8s \u00e0 l H\u00f4tel Palais \u00e0 Annecy.\" data-e-action-hash=\"#elementor-action%3Aaction%3Dlightbox%26settings%3DeyJpZCI6MjQ4ODAsInVybCI6Imh0dHBzOlwvXC93d3cucGFsYWlzYW5uZWN5LmNvbVwvd3AtY29udGVudFwvdXBsb2Fkc1wvcGV0aXQtZGVqZXVuZXItaG90ZWwtcGFsYWlzLWFubmVjeS0xMy5qcGcifQ%3D%3D\">\n\t\t\t\t\t\t\t\t\t\t\t\t\t\t\t\t\t\t\t\t\t<img loading=\"lazy\" decoding=\"async\" width=\"1200\" height=\"800\" src=\"https:\/\/www.palaisannecy.com\/wp-content\/uploads\/petit-dejeuner-hotel-palais-annecy-13.jpg\" class=\"attachment-full size-full\" alt=\"Pr\u00e9sentoir en bois avec viennoiseries et pains\" srcset=\"https:\/\/www.palaisannecy.com\/wp-content\/uploads\/petit-dejeuner-hotel-palais-annecy-13.jpg 1200w, https:\/\/www.palaisannecy.com\/wp-content\/uploads\/petit-dejeuner-hotel-palais-annecy-13-300x200.jpg 300w, https:\/\/www.palaisannecy.com\/wp-content\/uploads\/petit-dejeuner-hotel-palais-annecy-13-1024x683.jpg 1024w, https:\/\/www.palaisannecy.com\/wp-content\/uploads\/petit-dejeuner-hotel-palais-annecy-13-768x512.jpg 768w\" sizes=\"(max-width: 1200px) 100vw, 1200px\" \/>\t\t\t\t\t\t\t\t\t\t\t\t\t\t\t\t\t\t\t\t\t\t\t\t\t\t\t\t\t\t\t\t<div class=\"eae-grid-overlay fadeIn\">\n\t\t\t\t\t\t\t\t\t\t\t\t<div class=\"eae-grid-overlay-inner\">\n\t\t\t\t\t\t\t\t\t\t\t\t\t<div class=\"eae-icon-wrapper\">\n\t\t\t\t\t\t\t\t\t\t\t\t\t\t\t\t\t\t\t\t\t\t\t\t\t\t\t<\/div>\n\t\t\t\t\t\t\t\t\t\t\t\t\t\t\t\t\t\t\t\t\t\t\t\t\t<\/div>\n\t\t\t\t\t\t\t\t\t\t<\/div>\n\t\t\t\t\t\t\t\t\t\t\t\t\t\t\t\t\t\t\t<\/a>\n\t\t\t\t\t\t\t\t<\/div>\n\t\t\t\t\t\t\t<\/div>\n\t\t\t\t\t\t\t\t\t\t\t\t\t\t<div class=\"eae-gallery-item petit-djeuner\">\n\t\t\t\t\t\t\t\t<div class=\"eae-gallery-item-inner\">\n\t\t\t\t\t\t\t\t\t<a href=\"https:\/\/www.palaisannecy.com\/wp-content\/uploads\/petit-dejeuner-hotel-palais-annecy-14.jpg\" data-elementor-open-lightbox=\"yes\" data-elementor-lightbox-slideshow=\"eae-fg-gallery-2317\" data-elementor-lightbox-title=\"C\u00e9r\u00e9ales et grille pain au buffet\" data-elementor-lightbox-description=\"C\u00e9r\u00e9ales en bocaux herm\u00e9tiques et grille pain r\u00e9tro mis \u00e0 disposition au buffet du petit d\u00e9jeuner de l H\u00f4tel Palais Annecy.\" data-e-action-hash=\"#elementor-action%3Aaction%3Dlightbox%26settings%3DeyJpZCI6MjQ4ODMsInVybCI6Imh0dHBzOlwvXC93d3cucGFsYWlzYW5uZWN5LmNvbVwvd3AtY29udGVudFwvdXBsb2Fkc1wvcGV0aXQtZGVqZXVuZXItaG90ZWwtcGFsYWlzLWFubmVjeS0xNC5qcGcifQ%3D%3D\">\n\t\t\t\t\t\t\t\t\t\t\t\t\t\t\t\t\t\t\t\t\t<img loading=\"lazy\" decoding=\"async\" width=\"1200\" height=\"800\" src=\"https:\/\/www.palaisannecy.com\/wp-content\/uploads\/petit-dejeuner-hotel-palais-annecy-14.jpg\" class=\"attachment-full size-full\" alt=\"Bocaux de c\u00e9r\u00e9ales et grille pain r\u00e9tro\" srcset=\"https:\/\/www.palaisannecy.com\/wp-content\/uploads\/petit-dejeuner-hotel-palais-annecy-14.jpg 1200w, https:\/\/www.palaisannecy.com\/wp-content\/uploads\/petit-dejeuner-hotel-palais-annecy-14-300x200.jpg 300w, https:\/\/www.palaisannecy.com\/wp-content\/uploads\/petit-dejeuner-hotel-palais-annecy-14-1024x683.jpg 1024w, https:\/\/www.palaisannecy.com\/wp-content\/uploads\/petit-dejeuner-hotel-palais-annecy-14-768x512.jpg 768w\" sizes=\"(max-width: 1200px) 100vw, 1200px\" \/>\t\t\t\t\t\t\t\t\t\t\t\t\t\t\t\t\t\t\t\t\t\t\t\t\t\t\t\t\t\t\t\t<div class=\"eae-grid-overlay fadeIn\">\n\t\t\t\t\t\t\t\t\t\t\t\t<div class=\"eae-grid-overlay-inner\">\n\t\t\t\t\t\t\t\t\t\t\t\t\t<div class=\"eae-icon-wrapper\">\n\t\t\t\t\t\t\t\t\t\t\t\t\t\t\t\t\t\t\t\t\t\t\t\t\t\t\t<\/div>\n\t\t\t\t\t\t\t\t\t\t\t\t\t\t\t\t\t\t\t\t\t\t\t\t\t<\/div>\n\t\t\t\t\t\t\t\t\t\t<\/div>\n\t\t\t\t\t\t\t\t\t\t\t\t\t\t\t\t\t\t\t<\/a>\n\t\t\t\t\t\t\t\t<\/div>\n\t\t\t\t\t\t\t<\/div>\n\t\t\t\t\t\t\t\t\t\t\t\t\t\t<div class=\"eae-gallery-item petit-djeuner\">\n\t\t\t\t\t\t\t\t<div class=\"eae-gallery-item-inner\">\n\t\t\t\t\t\t\t\t\t<a href=\"https:\/\/www.palaisannecy.com\/wp-content\/uploads\/petit-dejeuner-hotel-palais-annecy-15.jpg\" data-elementor-open-lightbox=\"yes\" data-elementor-lightbox-slideshow=\"eae-fg-gallery-2317\" data-elementor-lightbox-title=\"Buffet fromages et produits locaux\" data-elementor-lightbox-description=\"Buffet g\u00e9n\u00e9reux compos\u00e9 de fromages, charcuteries et produits laitiers propos\u00e9 chaque matin \u00e0 l H\u00f4tel Palais \u00e0 Annecy.\" data-e-action-hash=\"#elementor-action%3Aaction%3Dlightbox%26settings%3DeyJpZCI6MjQ4ODYsInVybCI6Imh0dHBzOlwvXC93d3cucGFsYWlzYW5uZWN5LmNvbVwvd3AtY29udGVudFwvdXBsb2Fkc1wvcGV0aXQtZGVqZXVuZXItaG90ZWwtcGFsYWlzLWFubmVjeS0xNS5qcGcifQ%3D%3D\">\n\t\t\t\t\t\t\t\t\t\t\t\t\t\t\t\t\t\t\t\t\t<img loading=\"lazy\" decoding=\"async\" width=\"1200\" height=\"800\" src=\"https:\/\/www.palaisannecy.com\/wp-content\/uploads\/petit-dejeuner-hotel-palais-annecy-15.jpg\" class=\"attachment-full size-full\" alt=\"Plateau de fromages et charcuterie avec produits laitiers\" srcset=\"https:\/\/www.palaisannecy.com\/wp-content\/uploads\/petit-dejeuner-hotel-palais-annecy-15.jpg 1200w, https:\/\/www.palaisannecy.com\/wp-content\/uploads\/petit-dejeuner-hotel-palais-annecy-15-300x200.jpg 300w, https:\/\/www.palaisannecy.com\/wp-content\/uploads\/petit-dejeuner-hotel-palais-annecy-15-1024x683.jpg 1024w, https:\/\/www.palaisannecy.com\/wp-content\/uploads\/petit-dejeuner-hotel-palais-annecy-15-768x512.jpg 768w\" sizes=\"(max-width: 1200px) 100vw, 1200px\" \/>\t\t\t\t\t\t\t\t\t\t\t\t\t\t\t\t\t\t\t\t\t\t\t\t\t\t\t\t\t\t\t\t<div class=\"eae-grid-overlay fadeIn\">\n\t\t\t\t\t\t\t\t\t\t\t\t<div class=\"eae-grid-overlay-inner\">\n\t\t\t\t\t\t\t\t\t\t\t\t\t<div class=\"eae-icon-wrapper\">\n\t\t\t\t\t\t\t\t\t\t\t\t\t\t\t\t\t\t\t\t\t\t\t\t\t\t\t<\/div>\n\t\t\t\t\t\t\t\t\t\t\t\t\t\t\t\t\t\t\t\t\t\t\t\t\t<\/div>\n\t\t\t\t\t\t\t\t\t\t<\/div>\n\t\t\t\t\t\t\t\t\t\t\t\t\t\t\t\t\t\t\t<\/a>\n\t\t\t\t\t\t\t\t<\/div>\n\t\t\t\t\t\t\t<\/div>\n\t\t\t\t\t\t\t\t\t\t\t\t\t\t<div class=\"eae-gallery-item annecy\">\n\t\t\t\t\t\t\t\t<div class=\"eae-gallery-item-inner\">\n\t\t\t\t\t\t\t\t\t<a href=\"https:\/\/www.palaisannecy.com\/wp-content\/uploads\/tourisme\/palais-de-lisle-annecy-evenements-incontournables.webp\" data-elementor-open-lightbox=\"yes\" data-elementor-lightbox-slideshow=\"eae-fg-gallery-2317\" data-elementor-lightbox-title=\"Palais de l&#039;Isle a Annecy et evenements incontournables\" data-elementor-lightbox-description=\"Le Palais de lIsle a Annecy se dresse au coeur de la vieille ville, au milieu des canaux, symbole du patrimoine historique et des evenements culturels incontournables de la destination.\" data-e-action-hash=\"#elementor-action%3Aaction%3Dlightbox%26settings%3DeyJpZCI6MTgwNDIsInVybCI6Imh0dHBzOlwvXC93d3cucGFsYWlzYW5uZWN5LmNvbVwvd3AtY29udGVudFwvdXBsb2Fkc1wvdG91cmlzbWVcL3BhbGFpcy1kZS1saXNsZS1hbm5lY3ktZXZlbmVtZW50cy1pbmNvbnRvdXJuYWJsZXMud2VicCJ9\">\n\t\t\t\t\t\t\t\t\t\t\t\t\t\t\t\t\t\t\t\t\t<img loading=\"lazy\" decoding=\"async\" width=\"929\" height=\"622\" src=\"https:\/\/www.palaisannecy.com\/wp-content\/uploads\/tourisme\/palais-de-lisle-annecy-evenements-incontournables.webp\" class=\"attachment-full size-full\" alt=\"H\u00f4tel Palais de l&#039;Isle Annecy - Ev\u00e8nements incontournables\" srcset=\"https:\/\/www.palaisannecy.com\/wp-content\/uploads\/tourisme\/palais-de-lisle-annecy-evenements-incontournables.webp 929w, https:\/\/www.palaisannecy.com\/wp-content\/uploads\/tourisme\/palais-de-lisle-annecy-evenements-incontournables-300x201.webp 300w, https:\/\/www.palaisannecy.com\/wp-content\/uploads\/tourisme\/palais-de-lisle-annecy-evenements-incontournables-768x514.webp 768w\" sizes=\"(max-width: 929px) 100vw, 929px\" \/>\t\t\t\t\t\t\t\t\t\t\t\t\t\t\t\t\t\t\t\t\t\t\t\t\t\t\t\t\t\t\t\t<div class=\"eae-grid-overlay fadeIn\">\n\t\t\t\t\t\t\t\t\t\t\t\t<div class=\"eae-grid-overlay-inner\">\n\t\t\t\t\t\t\t\t\t\t\t\t\t<div class=\"eae-icon-wrapper\">\n\t\t\t\t\t\t\t\t\t\t\t\t\t\t\t\t\t\t\t\t\t\t\t\t\t\t\t<\/div>\n\t\t\t\t\t\t\t\t\t\t\t\t\t\t\t\t\t\t\t\t\t\t\t\t\t<\/div>\n\t\t\t\t\t\t\t\t\t\t<\/div>\n\t\t\t\t\t\t\t\t\t\t\t\t\t\t\t\t\t\t\t<\/a>\n\t\t\t\t\t\t\t\t<\/div>\n\t\t\t\t\t\t\t<\/div>\n\t\t\t\t\t\t\t\t\t\t\t\t\t\t<div class=\"eae-gallery-item annecy\">\n\t\t\t\t\t\t\t\t<div class=\"eae-gallery-item-inner\">\n\t\t\t\t\t\t\t\t\t<a href=\"https:\/\/www.palaisannecy.com\/wp-content\/uploads\/tourisme\/palais-de-lisle-annecy-activites.webp\" data-elementor-open-lightbox=\"yes\" data-elementor-lightbox-slideshow=\"eae-fg-gallery-2317\" data-elementor-lightbox-title=\"Palais de l&#039;Isle a Annecy et activites touristiques\" data-elementor-lightbox-description=\"Le Palais de lIsle se situe au centre de la vieille ville dAnnecy et constitue un point de depart ideal pour decouvrir les activites touristiques, culturelles et de plein air de la destination.\" data-e-action-hash=\"#elementor-action%3Aaction%3Dlightbox%26settings%3DeyJpZCI6MTgwMzksInVybCI6Imh0dHBzOlwvXC93d3cucGFsYWlzYW5uZWN5LmNvbVwvd3AtY29udGVudFwvdXBsb2Fkc1wvdG91cmlzbWVcL3BhbGFpcy1kZS1saXNsZS1hbm5lY3ktYWN0aXZpdGVzLndlYnAifQ%3D%3D\">\n\t\t\t\t\t\t\t\t\t\t\t\t\t\t\t\t\t\t\t\t\t<img loading=\"lazy\" decoding=\"async\" width=\"2000\" height=\"1333\" src=\"https:\/\/www.palaisannecy.com\/wp-content\/uploads\/tourisme\/palais-de-lisle-annecy-activites.webp\" class=\"attachment-full size-full\" alt=\"Vue du Palais de lIsle a Annecy, monument historique au coeur des canaux de la vieille ville\" srcset=\"https:\/\/www.palaisannecy.com\/wp-content\/uploads\/tourisme\/palais-de-lisle-annecy-activites.webp 2000w, https:\/\/www.palaisannecy.com\/wp-content\/uploads\/tourisme\/palais-de-lisle-annecy-activites-300x200.webp 300w, https:\/\/www.palaisannecy.com\/wp-content\/uploads\/tourisme\/palais-de-lisle-annecy-activites-1024x682.webp 1024w, https:\/\/www.palaisannecy.com\/wp-content\/uploads\/tourisme\/palais-de-lisle-annecy-activites-768x512.webp 768w, https:\/\/www.palaisannecy.com\/wp-content\/uploads\/tourisme\/palais-de-lisle-annecy-activites-1536x1024.webp 1536w\" sizes=\"(max-width: 2000px) 100vw, 2000px\" \/>\t\t\t\t\t\t\t\t\t\t\t\t\t\t\t\t\t\t\t\t\t\t\t\t\t\t\t\t\t\t\t\t<div class=\"eae-grid-overlay fadeIn\">\n\t\t\t\t\t\t\t\t\t\t\t\t<div class=\"eae-grid-overlay-inner\">\n\t\t\t\t\t\t\t\t\t\t\t\t\t<div class=\"eae-icon-wrapper\">\n\t\t\t\t\t\t\t\t\t\t\t\t\t\t\t\t\t\t\t\t\t\t\t\t\t\t\t<\/div>\n\t\t\t\t\t\t\t\t\t\t\t\t\t\t\t\t\t\t\t\t\t\t\t\t\t<\/div>\n\t\t\t\t\t\t\t\t\t\t<\/div>\n\t\t\t\t\t\t\t\t\t\t\t\t\t\t\t\t\t\t\t<\/a>\n\t\t\t\t\t\t\t\t<\/div>\n\t\t\t\t\t\t\t<\/div>\n\t\t\t\t\t\t\t\t\t\t\t\t\t\t<div class=\"eae-gallery-item annecy\">\n\t\t\t\t\t\t\t\t<div class=\"eae-gallery-item-inner\">\n\t\t\t\t\t\t\t\t\t<a href=\"https:\/\/www.palaisannecy.com\/wp-content\/uploads\/tourisme\/palais-de-lisle-annecy-balade-et-visite.webp\" data-elementor-open-lightbox=\"yes\" data-elementor-lightbox-slideshow=\"eae-fg-gallery-2317\" data-elementor-lightbox-title=\"Palais de l&#039;Isle a Annecy pour balade et visite\" data-elementor-lightbox-description=\"Le Palais de lIsle s\u2019inscrit au coeur d\u2019Annecy le long du canal du Thiou, cadre ideal pour une balade en vieille ville et une visite touristique entre patrimoine, eau et montagnes.\" data-e-action-hash=\"#elementor-action%3Aaction%3Dlightbox%26settings%3DeyJpZCI6MTgwMzYsInVybCI6Imh0dHBzOlwvXC93d3cucGFsYWlzYW5uZWN5LmNvbVwvd3AtY29udGVudFwvdXBsb2Fkc1wvdG91cmlzbWVcL3BhbGFpcy1kZS1saXNsZS1hbm5lY3ktYmFsYWRlLWV0LXZpc2l0ZS53ZWJwIn0%3D\">\n\t\t\t\t\t\t\t\t\t\t\t\t\t\t\t\t\t\t\t\t\t<img loading=\"lazy\" decoding=\"async\" width=\"1200\" height=\"800\" src=\"https:\/\/www.palaisannecy.com\/wp-content\/uploads\/tourisme\/palais-de-lisle-annecy-balade-et-visite.webp\" class=\"attachment-full size-full\" alt=\"Vue du canal du Thiou a Annecy avec le Palais de lIsle, promeneurs et montagnes en arriere plan\" srcset=\"https:\/\/www.palaisannecy.com\/wp-content\/uploads\/tourisme\/palais-de-lisle-annecy-balade-et-visite.webp 1200w, https:\/\/www.palaisannecy.com\/wp-content\/uploads\/tourisme\/palais-de-lisle-annecy-balade-et-visite-300x200.webp 300w, https:\/\/www.palaisannecy.com\/wp-content\/uploads\/tourisme\/palais-de-lisle-annecy-balade-et-visite-1024x683.webp 1024w, https:\/\/www.palaisannecy.com\/wp-content\/uploads\/tourisme\/palais-de-lisle-annecy-balade-et-visite-768x512.webp 768w\" sizes=\"(max-width: 1200px) 100vw, 1200px\" \/>\t\t\t\t\t\t\t\t\t\t\t\t\t\t\t\t\t\t\t\t\t\t\t\t\t\t\t\t\t\t\t\t<div class=\"eae-grid-overlay fadeIn\">\n\t\t\t\t\t\t\t\t\t\t\t\t<div class=\"eae-grid-overlay-inner\">\n\t\t\t\t\t\t\t\t\t\t\t\t\t<div class=\"eae-icon-wrapper\">\n\t\t\t\t\t\t\t\t\t\t\t\t\t\t\t\t\t\t\t\t\t\t\t\t\t\t\t<\/div>\n\t\t\t\t\t\t\t\t\t\t\t\t\t\t\t\t\t\t\t\t\t\t\t\t\t<\/div>\n\t\t\t\t\t\t\t\t\t\t<\/div>\n\t\t\t\t\t\t\t\t\t\t\t\t\t\t\t\t\t\t\t<\/a>\n\t\t\t\t\t\t\t\t<\/div>\n\t\t\t\t\t\t\t<\/div>\n\t\t\t\t\t\t\t\t\t\t\t\t\t\t<div class=\"eae-gallery-item annecy\">\n\t\t\t\t\t\t\t\t<div class=\"eae-gallery-item-inner\">\n\t\t\t\t\t\t\t\t\t<a href=\"https:\/\/www.palaisannecy.com\/wp-content\/uploads\/galerie\/hotel-palais-annecy-lac-annecy.webp\" data-elementor-open-lightbox=\"yes\" data-elementor-lightbox-slideshow=\"eae-fg-gallery-2317\" data-elementor-lightbox-title=\"Lac dAnnecy et Palais de l&#039;Isle\" data-elementor-lightbox-description=\"Le lac dAnnecy s\u2019ouvre aux abords de la vieille ville, offrant une vue emblematique ou l\u2019eau, les canaux et le Palais de lIsle composent un decor naturel et patrimonial unique.\" data-e-action-hash=\"#elementor-action%3Aaction%3Dlightbox%26settings%3DeyJpZCI6MjQwNjksInVybCI6Imh0dHBzOlwvXC93d3cucGFsYWlzYW5uZWN5LmNvbVwvd3AtY29udGVudFwvdXBsb2Fkc1wvZ2FsZXJpZVwvaG90ZWwtcGFsYWlzLWFubmVjeS1sYWMtYW5uZWN5LndlYnAifQ%3D%3D\">\n\t\t\t\t\t\t\t\t\t\t\t\t\t\t\t\t\t\t\t\t\t<img loading=\"lazy\" decoding=\"async\" width=\"1200\" height=\"800\" src=\"https:\/\/www.palaisannecy.com\/wp-content\/uploads\/galerie\/hotel-palais-annecy-lac-annecy.webp\" class=\"attachment-full size-full\" alt=\"Vue du lac dAnnecy avec les canaux de la vieille ville et le Palais de lIsle\" srcset=\"https:\/\/www.palaisannecy.com\/wp-content\/uploads\/galerie\/hotel-palais-annecy-lac-annecy.webp 1200w, https:\/\/www.palaisannecy.com\/wp-content\/uploads\/galerie\/hotel-palais-annecy-lac-annecy-300x200.webp 300w, https:\/\/www.palaisannecy.com\/wp-content\/uploads\/galerie\/hotel-palais-annecy-lac-annecy-1024x683.webp 1024w, https:\/\/www.palaisannecy.com\/wp-content\/uploads\/galerie\/hotel-palais-annecy-lac-annecy-768x512.webp 768w\" sizes=\"(max-width: 1200px) 100vw, 1200px\" \/>\t\t\t\t\t\t\t\t\t\t\t\t\t\t\t\t\t\t\t\t\t\t\t\t\t\t\t\t\t\t\t\t<div class=\"eae-grid-overlay fadeIn\">\n\t\t\t\t\t\t\t\t\t\t\t\t<div class=\"eae-grid-overlay-inner\">\n\t\t\t\t\t\t\t\t\t\t\t\t\t<div class=\"eae-icon-wrapper\">\n\t\t\t\t\t\t\t\t\t\t\t\t\t\t\t\t\t\t\t\t\t\t\t\t\t\t\t<\/div>\n\t\t\t\t\t\t\t\t\t\t\t\t\t\t\t\t\t\t\t\t\t\t\t\t\t<\/div>\n\t\t\t\t\t\t\t\t\t\t<\/div>\n\t\t\t\t\t\t\t\t\t\t\t\t\t\t\t\t\t\t\t<\/a>\n\t\t\t\t\t\t\t\t<\/div>\n\t\t\t\t\t\t\t<\/div>\n\t\t\t\t\t\t\t\t\t\t\t\t\t\t<div class=\"eae-gallery-item annecy\">\n\t\t\t\t\t\t\t\t<div class=\"eae-gallery-item-inner\">\n\t\t\t\t\t\t\t\t\t<a href=\"https:\/\/www.palaisannecy.com\/wp-content\/uploads\/galerie\/palais-de-lisle-annecy-vue-eglise-vieille-ville.webp\" data-elementor-open-lightbox=\"yes\" data-elementor-lightbox-slideshow=\"eae-fg-gallery-2317\" data-elementor-lightbox-title=\"Palais de lIsle a Annecy avec vue sur l\u2019eglise de la vieille ville\" data-elementor-lightbox-description=\"Cette vue du Palais de lIsle a Annecy met en valeur l\u2019architecture historique de la vieille ville, avec une eglise emblematique visible en arriere plan, dans un cadre urbain et patrimonial.\" data-e-action-hash=\"#elementor-action%3Aaction%3Dlightbox%26settings%3DeyJpZCI6MTgxNzcsInVybCI6Imh0dHBzOlwvXC93d3cucGFsYWlzYW5uZWN5LmNvbVwvd3AtY29udGVudFwvdXBsb2Fkc1wvZ2FsZXJpZVwvcGFsYWlzLWRlLWxpc2xlLWFubmVjeS12dWUtZWdsaXNlLXZpZWlsbGUtdmlsbGUud2VicCJ9\">\n\t\t\t\t\t\t\t\t\t\t\t\t\t\t\t\t\t\t\t\t\t<img loading=\"lazy\" decoding=\"async\" width=\"1200\" height=\"800\" src=\"https:\/\/www.palaisannecy.com\/wp-content\/uploads\/galerie\/palais-de-lisle-annecy-vue-eglise-vieille-ville.webp\" class=\"attachment-full size-full\" alt=\"H\u00f4tel Palais de l&#039;Isle Annecy - Vue de l&#039;\u00e9glise Saint Fran\u00e7ois de Sales\" srcset=\"https:\/\/www.palaisannecy.com\/wp-content\/uploads\/galerie\/palais-de-lisle-annecy-vue-eglise-vieille-ville.webp 1200w, https:\/\/www.palaisannecy.com\/wp-content\/uploads\/galerie\/palais-de-lisle-annecy-vue-eglise-vieille-ville-300x200.webp 300w, https:\/\/www.palaisannecy.com\/wp-content\/uploads\/galerie\/palais-de-lisle-annecy-vue-eglise-vieille-ville-1024x683.webp 1024w, https:\/\/www.palaisannecy.com\/wp-content\/uploads\/galerie\/palais-de-lisle-annecy-vue-eglise-vieille-ville-768x512.webp 768w\" sizes=\"(max-width: 1200px) 100vw, 1200px\" \/>\t\t\t\t\t\t\t\t\t\t\t\t\t\t\t\t\t\t\t\t\t\t\t\t\t\t\t\t\t\t\t\t<div class=\"eae-grid-overlay fadeIn\">\n\t\t\t\t\t\t\t\t\t\t\t\t<div class=\"eae-grid-overlay-inner\">\n\t\t\t\t\t\t\t\t\t\t\t\t\t<div class=\"eae-icon-wrapper\">\n\t\t\t\t\t\t\t\t\t\t\t\t\t\t\t\t\t\t\t\t\t\t\t\t\t\t\t<\/div>\n\t\t\t\t\t\t\t\t\t\t\t\t\t\t\t\t\t\t\t\t\t\t\t\t\t<\/div>\n\t\t\t\t\t\t\t\t\t\t<\/div>\n\t\t\t\t\t\t\t\t\t\t\t\t\t\t\t\t\t\t\t<\/a>\n\t\t\t\t\t\t\t\t<\/div>\n\t\t\t\t\t\t\t<\/div>\n\t\t\t\t\t\t\t\t\t\t\t\t\t\t<div class=\"eae-gallery-item annecy\">\n\t\t\t\t\t\t\t\t<div class=\"eae-gallery-item-inner\">\n\t\t\t\t\t\t\t\t\t<a href=\"https:\/\/www.palaisannecy.com\/wp-content\/uploads\/galerie\/palais-de-lisle-annecy-lac-et-canaux.webp\" data-elementor-open-lightbox=\"yes\" data-elementor-lightbox-slideshow=\"eae-fg-gallery-2317\" data-elementor-lightbox-title=\"Palais de lIsle a Annecy en vieille ville\" data-elementor-lightbox-description=\"Le Palais de lIsle se dresse au coeur de la vieille ville dAnnecy, entoure de canaux et de batiments historiques qui font le charme et l\u2019identite de la destination.\" data-e-action-hash=\"#elementor-action%3Aaction%3Dlightbox%26settings%3DeyJpZCI6MTgxMjksInVybCI6Imh0dHBzOlwvXC93d3cucGFsYWlzYW5uZWN5LmNvbVwvd3AtY29udGVudFwvdXBsb2Fkc1wvZ2FsZXJpZVwvcGFsYWlzLWRlLWxpc2xlLWFubmVjeS1sYWMtZXQtY2FuYXV4LndlYnAifQ%3D%3D\">\n\t\t\t\t\t\t\t\t\t\t\t\t\t\t\t\t\t\t\t\t\t<img loading=\"lazy\" decoding=\"async\" width=\"1170\" height=\"686\" src=\"https:\/\/www.palaisannecy.com\/wp-content\/uploads\/galerie\/palais-de-lisle-annecy-lac-et-canaux.webp\" class=\"attachment-full size-full\" alt=\"Vue du Palais de lIsle a Annecy entoure de canaux et de maisons de la vieille ville\" srcset=\"https:\/\/www.palaisannecy.com\/wp-content\/uploads\/galerie\/palais-de-lisle-annecy-lac-et-canaux.webp 1170w, https:\/\/www.palaisannecy.com\/wp-content\/uploads\/galerie\/palais-de-lisle-annecy-lac-et-canaux-300x176.webp 300w, https:\/\/www.palaisannecy.com\/wp-content\/uploads\/galerie\/palais-de-lisle-annecy-lac-et-canaux-1024x600.webp 1024w, https:\/\/www.palaisannecy.com\/wp-content\/uploads\/galerie\/palais-de-lisle-annecy-lac-et-canaux-768x450.webp 768w\" sizes=\"(max-width: 1170px) 100vw, 1170px\" \/>\t\t\t\t\t\t\t\t\t\t\t\t\t\t\t\t\t\t\t\t\t\t\t\t\t\t\t\t\t\t\t\t<div class=\"eae-grid-overlay fadeIn\">\n\t\t\t\t\t\t\t\t\t\t\t\t<div class=\"eae-grid-overlay-inner\">\n\t\t\t\t\t\t\t\t\t\t\t\t\t<div class=\"eae-icon-wrapper\">\n\t\t\t\t\t\t\t\t\t\t\t\t\t\t\t\t\t\t\t\t\t\t\t\t\t\t\t<\/div>\n\t\t\t\t\t\t\t\t\t\t\t\t\t\t\t\t\t\t\t\t\t\t\t\t\t<\/div>\n\t\t\t\t\t\t\t\t\t\t<\/div>\n\t\t\t\t\t\t\t\t\t\t\t\t\t\t\t\t\t\t\t<\/a>\n\t\t\t\t\t\t\t\t<\/div>\n\t\t\t\t\t\t\t<\/div>\n\t\t\t\t\t\t\t\t\t\t\t\t\t\t<div class=\"eae-gallery-item annecy\">\n\t\t\t\t\t\t\t\t<div class=\"eae-gallery-item-inner\">\n\t\t\t\t\t\t\t\t\t<a href=\"https:\/\/www.palaisannecy.com\/wp-content\/uploads\/galerie\/palais-de-lisle-annecy-localisation-vieille-ville.webp\" data-elementor-open-lightbox=\"yes\" data-elementor-lightbox-slideshow=\"eae-fg-gallery-2317\" data-elementor-lightbox-title=\"Palais de lIsle a Annecy et localisation centrale\" data-elementor-lightbox-description=\"Le Palais de lIsle beneficie d\u2019une localisation centrale a Annecy, au coeur de la vieille ville, a proximite immediate des canaux, du lac et des principaux sites touristiques.\" data-e-action-hash=\"#elementor-action%3Aaction%3Dlightbox%26settings%3DeyJpZCI6MTgwOTUsInVybCI6Imh0dHBzOlwvXC93d3cucGFsYWlzYW5uZWN5LmNvbVwvd3AtY29udGVudFwvdXBsb2Fkc1wvZ2FsZXJpZVwvcGFsYWlzLWRlLWxpc2xlLWFubmVjeS1sb2NhbGlzYXRpb24tdmllaWxsZS12aWxsZS53ZWJwIn0%3D\">\n\t\t\t\t\t\t\t\t\t\t\t\t\t\t\t\t\t\t\t\t\t<img loading=\"lazy\" decoding=\"async\" width=\"320\" height=\"450\" src=\"https:\/\/www.palaisannecy.com\/wp-content\/uploads\/galerie\/palais-de-lisle-annecy-localisation-vieille-ville.webp\" class=\"attachment-full size-full\" alt=\"Vue du Palais de lIsle a Annecy illustrant sa localisation au coeur de la vieille ville\" srcset=\"https:\/\/www.palaisannecy.com\/wp-content\/uploads\/galerie\/palais-de-lisle-annecy-localisation-vieille-ville.webp 320w, https:\/\/www.palaisannecy.com\/wp-content\/uploads\/galerie\/palais-de-lisle-annecy-localisation-vieille-ville-213x300.webp 213w\" sizes=\"(max-width: 320px) 100vw, 320px\" \/>\t\t\t\t\t\t\t\t\t\t\t\t\t\t\t\t\t\t\t\t\t\t\t\t\t\t\t\t\t\t\t\t<div class=\"eae-grid-overlay fadeIn\">\n\t\t\t\t\t\t\t\t\t\t\t\t<div class=\"eae-grid-overlay-inner\">\n\t\t\t\t\t\t\t\t\t\t\t\t\t<div class=\"eae-icon-wrapper\">\n\t\t\t\t\t\t\t\t\t\t\t\t\t\t\t\t\t\t\t\t\t\t\t\t\t\t\t<\/div>\n\t\t\t\t\t\t\t\t\t\t\t\t\t\t\t\t\t\t\t\t\t\t\t\t\t<\/div>\n\t\t\t\t\t\t\t\t\t\t<\/div>\n\t\t\t\t\t\t\t\t\t\t\t\t\t\t\t\t\t\t\t<\/a>\n\t\t\t\t\t\t\t\t<\/div>\n\t\t\t\t\t\t\t<\/div>\n\t\t\t\t\t\t\t\t\t\t\t\t\t\t<div class=\"eae-gallery-item annecy\">\n\t\t\t\t\t\t\t\t<div class=\"eae-gallery-item-inner\">\n\t\t\t\t\t\t\t\t\t<a href=\"https:\/\/www.palaisannecy.com\/wp-content\/uploads\/blog\/palais-de-lisle-annecy-canal-eglise-vieille-ville.webp\" data-elementor-open-lightbox=\"yes\" data-elementor-lightbox-slideshow=\"eae-fg-gallery-2317\" data-elementor-lightbox-title=\"Palais de lIsle \u00e0 Annecy et canaux de la vieille ville\" data-elementor-lightbox-description=\"Les canaux de la vieille ville dAnnecy longent le Palais de lIsle et composent un decor embl\u00e9matique entre eau turquoise, facades colorees et patrimoine historique.\" data-e-action-hash=\"#elementor-action%3Aaction%3Dlightbox%26settings%3DeyJpZCI6MTgwMjMsInVybCI6Imh0dHBzOlwvXC93d3cucGFsYWlzYW5uZWN5LmNvbVwvd3AtY29udGVudFwvdXBsb2Fkc1wvYmxvZ1wvcGFsYWlzLWRlLWxpc2xlLWFubmVjeS1jYW5hbC1lZ2xpc2UtdmllaWxsZS12aWxsZS53ZWJwIn0%3D\">\n\t\t\t\t\t\t\t\t\t\t\t\t\t\t\t\t\t\t\t\t\t<img loading=\"lazy\" decoding=\"async\" width=\"1200\" height=\"800\" src=\"https:\/\/www.palaisannecy.com\/wp-content\/uploads\/blog\/palais-de-lisle-annecy-canal-eglise-vieille-ville.webp\" class=\"attachment-full size-full\" alt=\"Vue des canaux de la vieille ville dAnnecy avec le Palais de lIsle et les facades historiques\" srcset=\"https:\/\/www.palaisannecy.com\/wp-content\/uploads\/blog\/palais-de-lisle-annecy-canal-eglise-vieille-ville.webp 1200w, https:\/\/www.palaisannecy.com\/wp-content\/uploads\/blog\/palais-de-lisle-annecy-canal-eglise-vieille-ville-300x200.webp 300w, https:\/\/www.palaisannecy.com\/wp-content\/uploads\/blog\/palais-de-lisle-annecy-canal-eglise-vieille-ville-1024x683.webp 1024w, https:\/\/www.palaisannecy.com\/wp-content\/uploads\/blog\/palais-de-lisle-annecy-canal-eglise-vieille-ville-768x512.webp 768w\" sizes=\"(max-width: 1200px) 100vw, 1200px\" \/>\t\t\t\t\t\t\t\t\t\t\t\t\t\t\t\t\t\t\t\t\t\t\t\t\t\t\t\t\t\t\t\t<div class=\"eae-grid-overlay fadeIn\">\n\t\t\t\t\t\t\t\t\t\t\t\t<div class=\"eae-grid-overlay-inner\">\n\t\t\t\t\t\t\t\t\t\t\t\t\t<div class=\"eae-icon-wrapper\">\n\t\t\t\t\t\t\t\t\t\t\t\t\t\t\t\t\t\t\t\t\t\t\t\t\t\t\t<\/div>\n\t\t\t\t\t\t\t\t\t\t\t\t\t\t\t\t\t\t\t\t\t\t\t\t\t<\/div>\n\t\t\t\t\t\t\t\t\t\t<\/div>\n\t\t\t\t\t\t\t\t\t\t\t\t\t\t\t\t\t\t\t<\/a>\n\t\t\t\t\t\t\t\t<\/div>\n\t\t\t\t\t\t\t<\/div>\n\t\t\t\t\t\t\t\t\t\t<\/div>\n\t\t<\/div>\n\t\t\t\t\t\t<\/div>\n\t\t\t\t<\/div>\n\t\t\t\t\t<\/div>\n\t\t<\/div>\n\t\t\t\t\t<\/div>\n\t\t<\/section>\n\t\t\t\t<\/div>\n\t\t","protected":false},"excerpt":{"rendered":"<p>Galerie photos Galerie photos de l\u2019H\u00f4tel Palais de l\u2019Isle \u00e0 Annecy D\u00e9couvrez en images l\u2019H\u00f4tel Palais de l\u2019Isle, situ\u00e9 au c\u0153ur du centre historique d\u2019Annecy. Cette galerie vous permet d\u2019explorer les chambres, les espaces communs et l\u2019environnement imm\u00e9diat de l\u2019h\u00f4tel, afin de pr\u00e9parer votre s\u00e9jour en toute s\u00e9r\u00e9nit\u00e9. Toutes ExterieurChambresPetit d\u00e9jeunerAnnecy<\/p>\n","protected":false},"author":3,"featured_media":0,"parent":0,"menu_order":0,"comment_status":"closed","ping_status":"closed","template":"","meta":{"_acf_changed":false,"footnotes":""},"class_list":["post-548","page","type-page","status-publish","hentry"],"acf":[],"_links":{"self":[{"href":"https:\/\/www.palaisannecy.com\/fr\/wp-json\/wp\/v2\/pages\/548","targetHints":{"allow":["GET"]}}],"collection":[{"href":"https:\/\/www.palaisannecy.com\/fr\/wp-json\/wp\/v2\/pages"}],"about":[{"href":"https:\/\/www.palaisannecy.com\/fr\/wp-json\/wp\/v2\/types\/page"}],"author":[{"embeddable":true,"href":"https:\/\/www.palaisannecy.com\/fr\/wp-json\/wp\/v2\/users\/3"}],"replies":[{"embeddable":true,"href":"https:\/\/www.palaisannecy.com\/fr\/wp-json\/wp\/v2\/comments?post=548"}],"version-history":[{"count":162,"href":"https:\/\/www.palaisannecy.com\/fr\/wp-json\/wp\/v2\/pages\/548\/revisions"}],"predecessor-version":[{"id":24892,"href":"https:\/\/www.palaisannecy.com\/fr\/wp-json\/wp\/v2\/pages\/548\/revisions\/24892"}],"wp:attachment":[{"href":"https:\/\/www.palaisannecy.com\/fr\/wp-json\/wp\/v2\/media?parent=548"}],"curies":[{"name":"wp","href":"https:\/\/api.w.org\/{rel}","templated":true}]}}